{"id":335,"date":"2012-08-09T15:06:17","date_gmt":"2012-08-09T20:06:17","guid":{"rendered":"http:\/\/library.brown.edu\/modernlatinamerica\/?page_id=335"},"modified":"2016-07-06T15:26:26","modified_gmt":"2016-07-06T15:26:26","slug":"chapter-7-colombia","status":"publish","type":"page","link":"https:\/\/library.brown.edu\/create\/modernlatinamerica\/chapters\/chapter-7-colombia\/","title":{"rendered":"Chapter 7. Colombia: Civility and Violence"},"content":{"rendered":"<p><strong>\u00a0<\/strong><\/p>\n<div id=\"attachment_3244\" style=\"width: 2811px\" class=\"wp-caption aligncenter\"><a href=\"https:\/\/library.brown.edu\/create\/modernlatinamerica\/wp-content\/uploads\/sites\/42\/2012\/08\/Virreinato_de_Santaf\u00e9_y_Capitan\u00eda_General_de_Venezuela.jpg\"><img loading=\"lazy\" decoding=\"async\" aria-describedby=\"caption-attachment-3244\" class=\" wp-image-3244 \" alt=\"The Viceroyalty of New Granada\" src=\"https:\/\/library.brown.edu\/create\/modernlatinamerica\/wp-content\/uploads\/sites\/42\/2012\/08\/Virreinato_de_Santaf\u00e9_y_Capitan\u00eda_General_de_Venezuela.jpg\" width=\"2801\" height=\"2284\" \/><\/a><p id=\"caption-attachment-3244\" class=\"wp-caption-text\">The Viceroyalty of New Granada<\/p><\/div>\n<ol>\n<li><span style=\"text-decoration: underline\"><a href=\"http:\/\/library.brown.edu\/create\/modernlatinamerica\/chapters\/chapter-7-colombia\/chapter-7-timeline\/\">Timeline for Colombia, 1499-Present<\/a><br \/>\n<\/span><\/li>\n<li><a href=\"http:\/\/library.brown.edu\/create\/modernlatinamerica\/chapters\/chapter-7-colombia\/colombian-heads-of-state\/\"><span style=\"text-decoration: underline\">List of Colombian Heads of State<\/span><\/a><\/li>\n<li><a href=\"http:\/\/library.brown.edu\/create\/modernlatinamerica\/chapters\/chapter-7-colombia\/figures-in-colombian-history\/\"><span style=\"text-decoration: underline\">Colombian Profiles and Personalities:\u00a0<\/span><\/a>\n<ol>\n<li>Jorge Eli\u00e9cer Gait\u00e1n<\/li>\n<li>\u00c1lvaro Uribe<\/li>\n<\/ol>\n<\/li>\n<li><span style=\"text-decoration: underline\"><a href=\"http:\/\/library.brown.edu\/create\/modernlatinamerica\/chapters\/chapter-7-colombia\/moments-in-colombian-history\/\">Moments and Events in Colombia:<\/a><\/span>\n<ol>\n<li>Essay #18: &#8220;Educating Change in Colombia,&#8221; by Katerina Seligmann<\/li>\n<\/ol>\n<\/li>\n<li><a href=\"http:\/\/library.brown.edu\/create\/modernlatinamerica\/chapters\/chapter-7-colombia\/travels-in-colombia\/\"><span style=\"text-decoration: underline\">Travels in Colombia:<\/span><\/a>\n<ol>\n<li>Travelogue #11: Albert Millican.\u00a0<span style=\"text-decoration: underline\">Travels and Adventures of an Orchid Hunter. An Account of Canoe and Camp Life in Colombia<\/span>\u00a0(1891)<\/li>\n<\/ol>\n<\/li>\n<li><a href=\"http:\/\/library.brown.edu\/create\/modernlatinamerica\/chapters\/chapter-7-colombia\/primary-documents-with-accompanying-discussion-questions\/\"><span style=\"text-decoration: underline\">Primary Documents:<\/span><\/a>\n<ol>\n<li>Document #20: &#8220;Press Release from the Revolutionary Armed Forces of Colombia, FARC-EP,&#8221; Secretariat of the Central General Command of the FARC-EP (2002)<\/li>\n<li>Document #21: &#8220;Statement by Humberto de la Calle, Head of the Government Delegation to the Conversations Table,&#8221; Humberto de la Calle (2013)<\/li>\n<\/ol>\n<\/li>\n<li><a href=\"http:\/\/library.brown.edu\/create\/modernlatinamerica\/chapters\/chapter-7-colombia\/chapter-discussion-questions\/\"><span style=\"text-decoration: underline\">Discussion Questions<\/span><\/a><\/li>\n<li><span style=\"text-decoration: underline\"><a href=\"http:\/\/library.brown.edu\/create\/modernlatinamerica\/chapters\/chapter-7-colombia\/further-reading\/\">Further Reading<\/a><br \/>\n<\/span><\/li>\n<\/ol>\n","protected":false},"excerpt":{"rendered":"<p>\u00a0 Timeline for Colombia, 1499-Present List of Colombian Heads of State Colombian Profiles and Personalities:\u00a0 Jorge Eli\u00e9cer Gait\u00e1n \u00c1lvaro Uribe Moments and Events in Colombia: Essay #18: &#8220;Educating Change in Colombia,&#8221; by Katerina Seligmann Travels in Colombia: Travelogue #11: Albert &hellip; <a href=\"https:\/\/library.brown.edu\/create\/modernlatinamerica\/chapters\/chapter-7-colombia\/\">Continue reading <span class=\"meta-nav\">&rarr;<\/span><\/a><\/p>\n","protected":false},"author":38,"featured_media":0,"parent":236,"menu_order":7,"comment_status":"closed","ping_status":"closed","template":"sidebar-page.php","meta":{"footnotes":""},"class_list":["post-335","page","type-page","status-publish","hentry"],"_links":{"self":[{"href":"https:\/\/library.brown.edu\/create\/modernlatinamerica\/wp-json\/wp\/v2\/pages\/335","targetHints":{"allow":["GET"]}}],"collection":[{"href":"https:\/\/library.brown.edu\/create\/modernlatinamerica\/wp-json\/wp\/v2\/pages"}],"about":[{"href":"https:\/\/library.brown.edu\/create\/modernlatinamerica\/wp-json\/wp\/v2\/types\/page"}],"author":[{"embeddable":true,"href":"https:\/\/library.brown.edu\/create\/modernlatinamerica\/wp-json\/wp\/v2\/users\/38"}],"replies":[{"embeddable":true,"href":"https:\/\/library.brown.edu\/create\/modernlatinamerica\/wp-json\/wp\/v2\/comments?post=335"}],"version-history":[{"count":1,"href":"https:\/\/library.brown.edu\/create\/modernlatinamerica\/wp-json\/wp\/v2\/pages\/335\/revisions"}],"predecessor-version":[{"id":5091,"href":"https:\/\/library.brown.edu\/create\/modernlatinamerica\/wp-json\/wp\/v2\/pages\/335\/revisions\/5091"}],"up":[{"embeddable":true,"href":"https:\/\/library.brown.edu\/create\/modernlatinamerica\/wp-json\/wp\/v2\/pages\/236"}],"wp:attachment":[{"href":"https:\/\/library.brown.edu\/create\/modernlatinamerica\/wp-json\/wp\/v2\/media?parent=335"}],"curies":[{"name":"wp","href":"https:\/\/api.w.org\/{rel}","templated":true}]}}