{"id":409,"date":"2012-08-17T13:23:56","date_gmt":"2012-08-17T18:23:56","guid":{"rendered":"http:\/\/library.brown.edu\/modernlatinamerica\/?page_id=409"},"modified":"2012-08-17T13:23:56","modified_gmt":"2012-08-17T18:23:56","slug":"andean-heads-of-state","status":"publish","type":"page","link":"https:\/\/library.brown.edu\/create\/modernlatinamerica\/chapters\/chapter-6-the-andes\/andean-heads-of-state\/","title":{"rendered":"Andean Heads of State"},"content":{"rendered":"<p><span style=\"text-decoration: underline;font-size: x-large\">Bolivia:<\/span><\/p>\n<div id=\"attachment_3126\" style=\"width: 241px\" class=\"wp-caption alignright\"><a href=\"https:\/\/library.brown.edu\/create\/modernlatinamerica\/wp-content\/uploads\/sites\/42\/2012\/08\/Sim\u00f3n_Bol\u00edvar_2.jpg\"><img loading=\"lazy\" decoding=\"async\" aria-describedby=\"caption-attachment-3126\" class=\" wp-image-3126 \" alt=\"Sim\u00f3n_Bol\u00edvar_2\" src=\"https:\/\/library.brown.edu\/create\/modernlatinamerica\/wp-content\/uploads\/sites\/42\/2012\/08\/Sim\u00f3n_Bol\u00edvar_2.jpg\" width=\"231\" height=\"300\" \/><\/a><p id=\"caption-attachment-3126\" class=\"wp-caption-text\">Sim\u00f3n Bol\u00edvar<\/p><\/div>\n<p><strong>1825<\/strong> Sim\u00f3n Bol\u00edvar<\/p>\n<p><strong>1825<\/strong> Antonio Jos\u00e9 de Sucre<\/p>\n<p><strong>1828<\/strong> Jos\u00e9 P\u00e9rez de Urdininea<\/p>\n<p><strong>1828<\/strong> Jos\u00e9 Miguel de Velasco Franco<\/p>\n<p><strong>1829<\/strong> Andr\u00e9s de Santa Cruz<\/p>\n<p><strong>1930<\/strong> Jos\u00e9 Miguels de Velasco Franco<\/p>\n<p><strong>1841<\/strong> Sebasti\u00e1n \u00c1Greda<\/p>\n<p><strong>1841<\/strong> Mariano Calvo<\/p>\n<p><strong>1847<\/strong> Eusebio Guilarte Vera<\/p>\n<p><strong>1848<\/strong> Jos\u00e9 Miguel de Velasco Franco<\/p>\n<p><strong>1855<\/strong> Jorge C\u00f3rdova<\/p>\n<p><strong>1857<\/strong> Jos\u00e9 Mar\u00eda Linares<\/p>\n<p><strong>1861<\/strong> <em>Government Junta<\/em><\/p>\n<p><strong>1861<\/strong> Jos\u00e9 Mar\u00eda Ach\u00e1<\/p>\n<p><strong>1864<\/strong> Mariano Melgarejo<\/p>\n<p><strong>1871<\/strong> Agust\u00edn Morales<\/p>\n<p><strong>1872<\/strong> Tom\u00e1s Fr\u00edas Ametller<\/p>\n<p><strong>1873<\/strong> Adolofo Ballivi\u00e1n<\/p>\n<p><strong>1874<\/strong> Tom\u00e1s Fr\u00edas Ametller<\/p>\n<p><strong>1876<\/strong> Hilar\u00edon Daza<\/p>\n<div id=\"attachment_3130\" style=\"width: 210px\" class=\"wp-caption alignright\"><a href=\"https:\/\/library.brown.edu\/create\/modernlatinamerica\/wp-content\/uploads\/sites\/42\/2012\/08\/P20.jpg\"><img loading=\"lazy\" decoding=\"async\" aria-describedby=\"caption-attachment-3130\" class=\"size-full wp-image-3130 \" alt=\"P20\" src=\"https:\/\/library.brown.edu\/create\/modernlatinamerica\/wp-content\/uploads\/sites\/42\/2012\/08\/P20.jpg\" width=\"200\" height=\"266\" \/><\/a><p id=\"caption-attachment-3130\" class=\"wp-caption-text\">Narciso Campero<\/p><\/div>\n<p><strong>1880<\/strong> Narciso Campero<\/p>\n<p><strong>1884<\/strong> Gregorio Pacheco<\/p>\n<p><strong>1888<\/strong> Ancieto Arce<\/p>\n<p><strong>1892<\/strong> Mariano Baptista<\/p>\n<p><strong>1896<\/strong> Severo Fern\u00e1ndez<\/p>\n<p><strong>1899<\/strong> <em>Government Junta<\/em><\/p>\n<p><strong>1899<\/strong> Jos\u00e9 Manuel Pando<\/p>\n<p><strong>1904<\/strong> Ismael Montes<\/p>\n<p><strong>1909<\/strong> Eliodoro Villaz\u00f3n<\/p>\n<p><strong>1913<\/strong> Ismael Montes<\/p>\n<div id=\"attachment_3129\" style=\"width: 187px\" class=\"wp-caption alignright\"><a href=\"https:\/\/library.brown.edu\/create\/modernlatinamerica\/wp-content\/uploads\/sites\/42\/2012\/08\/29_bautista_saavedra_m.jpg\"><img loading=\"lazy\" decoding=\"async\" aria-describedby=\"caption-attachment-3129\" class=\"size-full wp-image-3129 \" alt=\"29_bautista_saavedra_m\" src=\"https:\/\/library.brown.edu\/create\/modernlatinamerica\/wp-content\/uploads\/sites\/42\/2012\/08\/29_bautista_saavedra_m.jpg\" width=\"177\" height=\"236\" \/><\/a><p id=\"caption-attachment-3129\" class=\"wp-caption-text\">Bautista Saavedra<\/p><\/div>\n<p><strong>1917<\/strong> Jos\u00e9 Guit\u00e9rrez<\/p>\n<p><strong>1920<\/strong> <em>Government Junta<\/em><\/p>\n<p><strong>1921<\/strong> Bautista Saavedra<\/p>\n<p><strong>1925<\/strong> Felipe Guzman<\/p>\n<p><strong>1926<\/strong> Hernando Siles Reyes1930 Carlos Blanco Galindo<\/p>\n<p><strong>1931<\/strong> Daniel Salamanca Urey<\/p>\n<p><strong>1934<\/strong> Jos\u00e9 Luis Tejada Sorzano<\/p>\n<p><strong>1936<\/strong> David Toro<\/p>\n<p><strong>1937<\/strong> Germ\u00e1n Busch<\/p>\n<p><strong>1939<\/strong> Carlos Quintanilla<\/p>\n<p><strong>1940<\/strong> Enrique Pe\u00f1aranda<\/p>\n<p><strong>1943<\/strong> Gualberto Villaroel<\/p>\n<p><strong>1946<\/strong> N\u00e9stor Guill\u00e9n<\/p>\n<p><strong>1947<\/strong> Tom\u00e1s Monje<\/p>\n<p><strong>1947<\/strong> Enrique Hertzog<\/p>\n<p><strong>1949<\/strong> Mamerto Urrolagoitia<\/p>\n<p><strong>1951<\/strong> Hugo Ballivi\u00e1n<\/p>\n<p><strong>1952<\/strong> Hern\u00e1n Siles Zuazo<\/p>\n<p><strong>1952<\/strong> Victor Paz Estensosoro<\/p>\n<p><strong>1956<\/strong> Hern\u00e1n Siles Zuazo<\/p>\n<p><strong>1960<\/strong> Victor Paz Estenssoro<\/p>\n<p><strong>1964<\/strong> Ren\u00e9 Barrientos<\/p>\n<div id=\"attachment_3131\" style=\"width: 248px\" class=\"wp-caption alignright\"><a href=\"https:\/\/library.brown.edu\/create\/modernlatinamerica\/wp-content\/uploads\/sites\/42\/2012\/08\/220px-Paz_Estenssoro.jpg\"><img loading=\"lazy\" decoding=\"async\" aria-describedby=\"caption-attachment-3131\" class=\"size-full wp-image-3131 \" alt=\"220px-Paz_Estenssoro\" src=\"https:\/\/library.brown.edu\/create\/modernlatinamerica\/wp-content\/uploads\/sites\/42\/2012\/08\/220px-Paz_Estenssoro.jpg\" width=\"238\" height=\"238\" srcset=\"https:\/\/library.brown.edu\/create\/modernlatinamerica\/wp-content\/uploads\/sites\/42\/2012\/08\/220px-Paz_Estenssoro.jpg 220w, https:\/\/library.brown.edu\/create\/modernlatinamerica\/wp-content\/uploads\/sites\/42\/2012\/08\/220px-Paz_Estenssoro-150x150.jpg 150w\" sizes=\"auto, (max-width: 238px) 100vw, 238px\" \/><\/a><p id=\"caption-attachment-3131\" class=\"wp-caption-text\">Victor Paz Estenssoro<\/p><\/div>\n<p><strong>1969<\/strong> Luis Adolfo Siles Salinas<\/p>\n<p><strong>1969<\/strong> Alfredo Ovando Cand\u00eda<\/p>\n<p><strong>1970<\/strong> Juan Jos\u00e9 Torres<\/p>\n<p><strong>1971<\/strong> Hugo Banzer<\/p>\n<p><strong>1978<\/strong> Juan Pereda<\/p>\n<p><strong>1979<\/strong> Alberto Natusch<\/p>\n<p><strong>1980<\/strong> Luis Garc\u00eda Meza Tejada<\/p>\n<p><strong>1981<\/strong> Celso Torrelio<\/p>\n<p><strong>1982<\/strong> Guido Vildoso<\/p>\n<p><strong>1982<\/strong> Hern\u00e1n Siles Zuazo<\/p>\n<div id=\"attachment_3125\" style=\"width: 346px\" class=\"wp-caption alignright\"><a href=\"https:\/\/library.brown.edu\/create\/modernlatinamerica\/wp-content\/uploads\/sites\/42\/2012\/08\/evo-morales_web.jpg\"><img loading=\"lazy\" decoding=\"async\" aria-describedby=\"caption-attachment-3125\" class=\" wp-image-3125  \" alt=\"evo-morales_web\" src=\"https:\/\/library.brown.edu\/create\/modernlatinamerica\/wp-content\/uploads\/sites\/42\/2012\/08\/evo-morales_web.jpg\" width=\"336\" height=\"336\" srcset=\"https:\/\/library.brown.edu\/create\/modernlatinamerica\/wp-content\/uploads\/sites\/42\/2012\/08\/evo-morales_web.jpg 560w, https:\/\/library.brown.edu\/create\/modernlatinamerica\/wp-content\/uploads\/sites\/42\/2012\/08\/evo-morales_web-150x150.jpg 150w, https:\/\/library.brown.edu\/create\/modernlatinamerica\/wp-content\/uploads\/sites\/42\/2012\/08\/evo-morales_web-300x300.jpg 300w\" sizes=\"auto, (max-width: 336px) 100vw, 336px\" \/><\/a><p id=\"caption-attachment-3125\" class=\"wp-caption-text\">Evo Morales<\/p><\/div>\n<p><strong>1985<\/strong> Victor Paz Estenssoro<\/p>\n<p><strong>1989<\/strong> Jaime Paz Zamora<\/p>\n<p><strong>1993<\/strong> Gonzalo S\u00e1nchez de Lozada<\/p>\n<p><strong>1997<\/strong> Hygo Banzer<\/p>\n<p><strong>2001<\/strong> Jorge Quiroga<\/p>\n<p><strong>2002<\/strong> Gonzalo S\u00e1nchez de Lozada<\/p>\n<p><strong>2003<\/strong> Carlos Mesa<\/p>\n<p><strong>2005<\/strong> Eduardo Rodr\u00eequez<\/p>\n<p><strong>2006<\/strong> Evo Morales<\/p>\n<p>&nbsp;<\/p>\n<p><span style=\"text-decoration: underline;font-size: x-large\">Ecuador:<\/span><\/p>\n<p><strong>1830<\/strong> Juan Jose Flores<\/p>\n<p><strong>1834<\/strong> Vincente Rocafuerte<\/p>\n<p><strong>1839<\/strong> Juan Jos\u00e9 Flores<\/p>\n<p><strong>1843<\/strong> Juan Jos\u00e9 Flores<\/p>\n<p><strong>1845<\/strong> Jos\u00e9 Joaqu\u00edn de Olmedo<\/p>\n<p><strong>1845<\/strong> Vicente Ram\u00f3n Roca<\/p>\n<p><strong>1849<\/strong> Manuel de Asc\u00e1subi<\/p>\n<p><strong>1850<\/strong> Diego Noboa<\/p>\n<p><strong>1851<\/strong> Jos\u00e9 Mar\u00eda Urvina<\/p>\n<p><strong>1856<\/strong> Francisco Robles<\/p>\n<p><strong>1859-1861<\/strong> Provisional Government in Quito<\/p>\n<p><strong>1861<\/strong> Gabriel Garc\u00eda Moreno<\/p>\n<p><strong>1865<\/strong> Jer\u00f3nimo Carri\u00f3n<\/p>\n<p><strong>1867<\/strong> Pedro Jos\u00e9 de Arteta<\/p>\n<p><strong>1868<\/strong> Javier Espinosa<\/p>\n<p><strong>1869<\/strong> Gabriel Garcia Moreno<\/p>\n<p><strong>1875<\/strong> Anotonio Borrero<\/p>\n<p><strong>1876<\/strong> Ignacio de Ventemilla<\/p>\n<p><strong>1883<\/strong> <em>Pentevirato Quite\u00f1o, <\/em>Governments of the Restoration<\/p>\n<p><strong>1883<\/strong> Jos\u00e9 Pl\u00e1cdio Caama\u00f1o<\/p>\n<p><strong>1888<\/strong> Antonio Flores Jij\u00f3n<\/p>\n<p><strong>1892<\/strong> Luis Cordero Crespo<\/p>\n<div id=\"attachment_3151\" style=\"width: 230px\" class=\"wp-caption alignright\"><a href=\"https:\/\/library.brown.edu\/create\/modernlatinamerica\/wp-content\/uploads\/sites\/42\/2012\/08\/220px-Eloy_Alfaro_Delgado.jpg\"><img loading=\"lazy\" decoding=\"async\" aria-describedby=\"caption-attachment-3151\" class=\"size-full wp-image-3151 \" alt=\"220px-Eloy_Alfaro_Delgado\" src=\"https:\/\/library.brown.edu\/create\/modernlatinamerica\/wp-content\/uploads\/sites\/42\/2012\/08\/220px-Eloy_Alfaro_Delgado.jpg\" width=\"220\" height=\"328\" srcset=\"https:\/\/library.brown.edu\/create\/modernlatinamerica\/wp-content\/uploads\/sites\/42\/2012\/08\/220px-Eloy_Alfaro_Delgado.jpg 220w, https:\/\/library.brown.edu\/create\/modernlatinamerica\/wp-content\/uploads\/sites\/42\/2012\/08\/220px-Eloy_Alfaro_Delgado-201x300.jpg 201w\" sizes=\"auto, (max-width: 220px) 100vw, 220px\" \/><\/a><p id=\"caption-attachment-3151\" class=\"wp-caption-text\">Eloy Alfaro<\/p><\/div>\n<p><strong>1895<\/strong> Eloy Alfaro<\/p>\n<p><strong>1901<\/strong> Le\u00f3nidas Plaza<\/p>\n<p><strong>1905<\/strong> Lizardo Garc\u00eda<\/p>\n<p><strong>1906<\/strong> Eloy Alfaro<\/p>\n<p><strong>1911<\/strong> Emilio Estrada<\/p>\n<p><strong>1912<\/strong> Le\u00f3nidas Plaza<\/p>\n<p><strong>1916<\/strong> Alfredo Baquerizo<\/p>\n<p><strong>1920<\/strong> Jos\u00e9 Luis Tamayo<\/p>\n<p><strong>1924<\/strong> Gonzalo C\u00f3rdova<\/p>\n<p><strong>1926<\/strong> Isidro Ayora<\/p>\n<p><strong>1932<\/strong> Juan de Dios Mart\u00ednez<\/p>\n<div id=\"attachment_3139\" style=\"width: 203px\" class=\"wp-caption alignright\"><a href=\"https:\/\/library.brown.edu\/create\/modernlatinamerica\/wp-content\/uploads\/sites\/42\/2012\/08\/Jose-Maria-Velasco-Ibarra-37034-1-402.jpg\"><img loading=\"lazy\" decoding=\"async\" aria-describedby=\"caption-attachment-3139\" class=\" wp-image-3139  \" alt=\"Jose-Maria-Velasco-Ibarra-37034-1-402\" src=\"https:\/\/library.brown.edu\/create\/modernlatinamerica\/wp-content\/uploads\/sites\/42\/2012\/08\/Jose-Maria-Velasco-Ibarra-37034-1-402.jpg\" width=\"193\" height=\"193\" srcset=\"https:\/\/library.brown.edu\/create\/modernlatinamerica\/wp-content\/uploads\/sites\/42\/2012\/08\/Jose-Maria-Velasco-Ibarra-37034-1-402.jpg 402w, https:\/\/library.brown.edu\/create\/modernlatinamerica\/wp-content\/uploads\/sites\/42\/2012\/08\/Jose-Maria-Velasco-Ibarra-37034-1-402-150x150.jpg 150w, https:\/\/library.brown.edu\/create\/modernlatinamerica\/wp-content\/uploads\/sites\/42\/2012\/08\/Jose-Maria-Velasco-Ibarra-37034-1-402-300x300.jpg 300w\" sizes=\"auto, (max-width: 193px) 100vw, 193px\" \/><\/a><p id=\"caption-attachment-3139\" class=\"wp-caption-text\">Jos\u00e9 Mar\u00eda Velasco Ibarra<\/p><\/div>\n<p><strong>1934<\/strong> Jos\u00e9 Mar\u00eda Velasco Ibarra<\/p>\n<p><strong>1935<\/strong> Antonio Pons<\/p>\n<p><strong>1938<\/strong> Aurelio Mosquera<\/p>\n<p><strong>1940<\/strong> Carlos Alberto Arroyo del R\u00edo<\/p>\n<p><strong>1944<\/strong> Jos\u00e9 Mar\u00eda Velasco Ibarra<\/p>\n<p><strong>1947<\/strong> C.J. Arosemana Tola<\/p>\n<p><strong>1948<\/strong> Galo Plaza<\/p>\n<p><strong>1952<\/strong> Jos\u00e9 Mar\u00eda Velasco Ibarra<\/p>\n<div id=\"attachment_3152\" style=\"width: 218px\" class=\"wp-caption alignright\"><a href=\"https:\/\/library.brown.edu\/create\/modernlatinamerica\/wp-content\/uploads\/sites\/42\/2012\/08\/plaza-lasso.jpg\"><img loading=\"lazy\" decoding=\"async\" aria-describedby=\"caption-attachment-3152\" class=\"size-full wp-image-3152 \" alt=\"plaza-lasso\" src=\"https:\/\/library.brown.edu\/create\/modernlatinamerica\/wp-content\/uploads\/sites\/42\/2012\/08\/plaza-lasso.jpg\" width=\"208\" height=\"200\" \/><\/a><p id=\"caption-attachment-3152\" class=\"wp-caption-text\">Camilo Ponce Enr\u00edquez<\/p><\/div>\n<p><strong>1956<\/strong> Camilo Ponce Enr\u00edquez<\/p>\n<p><strong>1960<\/strong> Jos\u00e9 Mar\u00eda Velasco Ibarra<\/p>\n<p><strong>1961<\/strong> C.J. Arosemena Monroy<\/p>\n<p><strong>1963<\/strong> <em>Military Junta<\/em><\/p>\n<p><strong>1966<\/strong> Clemente Yerovi<\/p>\n<p><strong>1966<\/strong> Ottomo Arosemena<\/p>\n<p><strong>1968<\/strong> Jos\u00e9 Mar\u00eda Velasco Ibarra<\/p>\n<p><strong>1972<\/strong> Guillermo Rodriquez Lara<\/p>\n<p><strong>1976<\/strong> Supreme Government Council, under Vice Admerical Aldredo Poveda<\/p>\n<p><strong>1979<\/strong> Jaime Rold\u00f3s Aguilera<\/p>\n<p><strong>1981<\/strong> Osvaldo Hurtado<\/p>\n<p><strong>1984<\/strong> Le\u00f3n Febres Cordero<\/p>\n<p><strong>1988<\/strong> Rodrigo Borja Cevallos<\/p>\n<div id=\"attachment_3143\" style=\"width: 244px\" class=\"wp-caption alignright\"><a href=\"https:\/\/library.brown.edu\/create\/modernlatinamerica\/wp-content\/uploads\/sites\/42\/2012\/08\/Rafael-Correa.jpg\"><img loading=\"lazy\" decoding=\"async\" aria-describedby=\"caption-attachment-3143\" class=\" wp-image-3143 \" alt=\"Rafael-Correa\" src=\"https:\/\/library.brown.edu\/create\/modernlatinamerica\/wp-content\/uploads\/sites\/42\/2012\/08\/Rafael-Correa.jpg\" width=\"234\" height=\"194\" srcset=\"https:\/\/library.brown.edu\/create\/modernlatinamerica\/wp-content\/uploads\/sites\/42\/2012\/08\/Rafael-Correa.jpg 390w, https:\/\/library.brown.edu\/create\/modernlatinamerica\/wp-content\/uploads\/sites\/42\/2012\/08\/Rafael-Correa-300x248.jpg 300w, https:\/\/library.brown.edu\/create\/modernlatinamerica\/wp-content\/uploads\/sites\/42\/2012\/08\/Rafael-Correa-362x300.jpg 362w\" sizes=\"auto, (max-width: 234px) 100vw, 234px\" \/><\/a><p id=\"caption-attachment-3143\" class=\"wp-caption-text\">Rafael Correa<\/p><\/div>\n<p><strong>1992<\/strong> Sixto Dur\u00e1n Ball\u00e9n<\/p>\n<p><strong>1996<\/strong> Abdal\u00e1 Bucaram<\/p>\n<p><strong>1998<\/strong> Jamil Mahuad<\/p>\n<p><strong>2000<\/strong> Gustavo Noboa<\/p>\n<p><strong>2003<\/strong> Lucio Guit\u00e9rez<\/p>\n<p><strong>2005<\/strong> Aldredo Palacio<\/p>\n<p><strong>2007<\/strong> Rafael Correa<\/p>\n<p>&nbsp;<\/p>\n<p><span style=\"text-decoration: underline;font-size: x-large\">Peru:<\/span><\/p>\n<p><strong>1886<\/strong>\u00a0\u00a0Andr\u00e9s Avelino C\u00e1ceres<\/p>\n<p><strong>1890\u00a0<\/strong>\u00a0Remigio Morales Berm\u00fadez<\/p>\n<p><strong>1894<\/strong>\u00a0\u00a0J. Borgo\u00f1o, May 1\u2013August 10<br \/>\nAndr\u00e9s Avelino C\u00e1ceres, August 10\u2013<br \/>\nMarch 19, 1895<\/p>\n<p><strong>1895<\/strong>\u00a0\u00a0Manuel Candamo, March 21\u2013<br \/>\nSeptember 8<br \/>\nNicol\u00e1s de Pi\u00e9rola, September 8\u2013<br \/>\nSeptember 8, 1899<\/p>\n<p><strong>1899<\/strong>\u00a0\u00a0Eduardo L\u00f3pez de Roma\u00f1a<\/p>\n<p><strong>1903\u00a0<\/strong>\u00a0Manuel Candamo<\/p>\n<p><strong>1904<\/strong>\u00a0\u00a0Serapio Calder\u00f3n, May 7\u2013<br \/>\nSeptember 24<br \/>\nJos\u00e9 Pardo y Barreda, September 24\u2013<br \/>\nSeptember 24, 1908<\/p>\n<div id=\"attachment_3155\" style=\"width: 235px\" class=\"wp-caption alignright\"><a href=\"https:\/\/library.brown.edu\/create\/modernlatinamerica\/wp-content\/uploads\/sites\/42\/2012\/08\/225px-Augusto_B_Leguia_2.jpg\"><img loading=\"lazy\" decoding=\"async\" aria-describedby=\"caption-attachment-3155\" class=\"size-full wp-image-3155 \" alt=\"225px-Augusto_B_Leguia_2\" src=\"https:\/\/library.brown.edu\/create\/modernlatinamerica\/wp-content\/uploads\/sites\/42\/2012\/08\/225px-Augusto_B_Leguia_2.jpg\" width=\"225\" height=\"336\" srcset=\"https:\/\/library.brown.edu\/create\/modernlatinamerica\/wp-content\/uploads\/sites\/42\/2012\/08\/225px-Augusto_B_Leguia_2.jpg 225w, https:\/\/library.brown.edu\/create\/modernlatinamerica\/wp-content\/uploads\/sites\/42\/2012\/08\/225px-Augusto_B_Leguia_2-201x300.jpg 201w\" sizes=\"auto, (max-width: 225px) 100vw, 225px\" \/><\/a><p id=\"caption-attachment-3155\" class=\"wp-caption-text\">Augusto B. Legu\u00eda<\/p><\/div>\n<p><strong>1908\u00a0<\/strong>\u00a0Augusto B. Legu\u00eda<\/p>\n<p><strong>1912<\/strong>\u00a0\u00a0Guillermo E. Billinghurst<\/p>\n<p><strong>1914<\/strong>\u00a0\u00a0Oscar R. Benavides<\/p>\n<p><strong>1915<\/strong>\u00a0\u00a0Jos\u00e9 Pardo<\/p>\n<p><strong>1919<\/strong>\u00a0\u00a0Augusto B. Legu\u00eda<\/p>\n<p><strong>1930<\/strong>\u00a0\u00a0Manuel Ponce, August 25\u201327<br \/>\nLuis M. S\u00e1nchez Cerro, August 27\u2013<br \/>\nMarch 1, 1931<\/p>\n<p><strong>1931<\/strong>\u00a0\u00a0Ricardo Leoncio El\u00edas, March 1\u20135<br \/>\nGustavo A. Jim\u00e9nez, March 5\u201311<\/p>\n<p><strong>1931<\/strong>\u00a0\u00a0David S\u00e1manez Ocampo,<br \/>\nMarch 11\u2013December 8<br \/>\nLuis M. S\u00e1nchez Cerro,<br \/>\nDecember 8\u2013April 30, 1933<\/p>\n<p><strong>1933<\/strong>\u00a0\u00a0Oscar R. Benavides<\/p>\n<p><strong>1939\u00a0<\/strong>\u00a0Manuel Prado y Ugarteche<\/p>\n<div id=\"attachment_3156\" style=\"width: 260px\" class=\"wp-caption alignright\"><a href=\"https:\/\/library.brown.edu\/create\/modernlatinamerica\/wp-content\/uploads\/sites\/42\/2012\/08\/250px-Manuel_Prado_Ugarteche.jpg\"><img loading=\"lazy\" decoding=\"async\" aria-describedby=\"caption-attachment-3156\" class=\"size-full wp-image-3156 \" alt=\"250px-Manuel_Prado_Ugarteche\" src=\"https:\/\/library.brown.edu\/create\/modernlatinamerica\/wp-content\/uploads\/sites\/42\/2012\/08\/250px-Manuel_Prado_Ugarteche.jpg\" width=\"250\" height=\"351\" srcset=\"https:\/\/library.brown.edu\/create\/modernlatinamerica\/wp-content\/uploads\/sites\/42\/2012\/08\/250px-Manuel_Prado_Ugarteche.jpg 250w, https:\/\/library.brown.edu\/create\/modernlatinamerica\/wp-content\/uploads\/sites\/42\/2012\/08\/250px-Manuel_Prado_Ugarteche-214x300.jpg 214w\" sizes=\"auto, (max-width: 250px) 100vw, 250px\" \/><\/a><p id=\"caption-attachment-3156\" class=\"wp-caption-text\">Manuel Prado y Ugarteche<\/p><\/div>\n<p><strong>1945<\/strong>\u00a0\u00a0Jos\u00e9 Luis Bustamante y Rivero<\/p>\n<p><strong>1948<\/strong>\u00a0\u00a0Zen\u00f3n Noriega, October 29\u201330<\/p>\n<p>Manuel A. Odr\u00eda, October 31\u2013<\/p>\n<p>June 1, 1950<\/p>\n<p><strong>1950<\/strong>\u00a0\u00a0Zen\u00f3n Noriega, June 1\u2013July 28<\/p>\n<p>Manuel A. Odr\u00eda, July 28\u2013<br \/>\nJuly 28, 1956<\/p>\n<p><strong>1956<\/strong>\u00a0\u00a0Manuel Prado y Ugarteche<\/p>\n<p><strong>1962\u00a0<\/strong>\u00a0Ricardo P\u00e9rez Godoy<\/p>\n<p><strong>1963<\/strong>\u00a0\u00a0Nicol\u00e1s Lindey L\u00f3pez, March 3\u2013<br \/>\nJuly 28<br \/>\nFernando Bela\u00fande Terry, July 28\u2013<br \/>\nOctober 3, 1968<\/p>\n<p><strong>1968<\/strong>\u00a0\u00a0Juan Velasco Alvarado<\/p>\n<p><strong>1975<\/strong>\u00a0\u00a0Francisco Morales Berm\u00fadez<\/p>\n<p><strong>1980<\/strong>\u00a0\u00a0Fernando Bela\u00fande Terry<\/p>\n<p><strong>1985<\/strong>\u00a0\u00a0Alan Garc\u00eda P\u00e9rez<\/p>\n<p><strong>1990<\/strong>\u00a0\u00a0Alberto Fujimori<\/p>\n<p><strong>2000\u00a0<\/strong>\u00a0Valent\u00edn Paniagua Corazao<\/p>\n<p><strong>2001<\/strong>\u00a0\u00a0Alejandro Toledo<\/p>\n<p><strong>2006<\/strong> Alan Garc\u00eda P\u00e9rez<\/p>\n<p><strong>2011<\/strong> Ollanta Humala<\/p>\n","protected":false},"excerpt":{"rendered":"<p>Bolivia: 1825 Sim\u00f3n Bol\u00edvar 1825 Antonio Jos\u00e9 de Sucre 1828 Jos\u00e9 P\u00e9rez de Urdininea 1828 Jos\u00e9 Miguel de Velasco Franco 1829 Andr\u00e9s de Santa Cruz 1930 Jos\u00e9 Miguels de Velasco Franco 1841 Sebasti\u00e1n \u00c1Greda 1841 Mariano Calvo 1847 Eusebio Guilarte &hellip; <a href=\"https:\/\/library.brown.edu\/create\/modernlatinamerica\/chapters\/chapter-6-the-andes\/andean-heads-of-state\/\">Continue reading <span class=\"meta-nav\">&rarr;<\/span><\/a><\/p>\n","protected":false},"author":38,"featured_media":0,"parent":309,"menu_order":2,"comment_status":"closed","ping_status":"closed","template":"sidebar-page.php","meta":{"footnotes":""},"class_list":["post-409","page","type-page","status-publish","hentry"],"_links":{"self":[{"href":"https:\/\/library.brown.edu\/create\/modernlatinamerica\/wp-json\/wp\/v2\/pages\/409","targetHints":{"allow":["GET"]}}],"collection":[{"href":"https:\/\/library.brown.edu\/create\/modernlatinamerica\/wp-json\/wp\/v2\/pages"}],"about":[{"href":"https:\/\/library.brown.edu\/create\/modernlatinamerica\/wp-json\/wp\/v2\/types\/page"}],"author":[{"embeddable":true,"href":"https:\/\/library.brown.edu\/create\/modernlatinamerica\/wp-json\/wp\/v2\/users\/38"}],"replies":[{"embeddable":true,"href":"https:\/\/library.brown.edu\/create\/modernlatinamerica\/wp-json\/wp\/v2\/comments?post=409"}],"version-history":[{"count":0,"href":"https:\/\/library.brown.edu\/create\/modernlatinamerica\/wp-json\/wp\/v2\/pages\/409\/revisions"}],"up":[{"embeddable":true,"href":"https:\/\/library.brown.edu\/create\/modernlatinamerica\/wp-json\/wp\/v2\/pages\/309"}],"wp:attachment":[{"href":"https:\/\/library.brown.edu\/create\/modernlatinamerica\/wp-json\/wp\/v2\/media?parent=409"}],"curies":[{"name":"wp","href":"https:\/\/api.w.org\/{rel}","templated":true}]}}