{"id":413,"date":"2012-08-17T14:11:37","date_gmt":"2012-08-17T19:11:37","guid":{"rendered":"http:\/\/library.brown.edu\/modernlatinamerica\/?page_id=413"},"modified":"2016-07-05T18:16:07","modified_gmt":"2016-07-05T18:16:07","slug":"central-american-heads-of-state","status":"publish","type":"page","link":"https:\/\/library.brown.edu\/create\/modernlatinamerica\/chapters\/chapter-5-central-america\/central-american-heads-of-state\/","title":{"rendered":"Central American Heads of State"},"content":{"rendered":"<p><span style=\"text-decoration: underline;font-size: x-large\">Nicaragua:<\/span><\/p>\n<p><strong>1879<\/strong>\u00a0\u00a0Joaqu\u00edn Zavala<\/p>\n<p><strong>1883<\/strong>\u00a0\u00a0Ad\u00e1n C\u00e1rdenas<\/p>\n<div id=\"attachment_3479\" style=\"width: 185px\" class=\"wp-caption alignright\"><a href=\"https:\/\/library.brown.edu\/create\/modernlatinamerica\/wp-content\/uploads\/sites\/42\/2012\/08\/pes_533346.jpg\"><img loading=\"lazy\" decoding=\"async\" aria-describedby=\"caption-attachment-3479\" class=\"size-full wp-image-3479 \" alt=\"pes_533346\" src=\"https:\/\/library.brown.edu\/create\/modernlatinamerica\/wp-content\/uploads\/sites\/42\/2012\/08\/pes_533346.jpg\" width=\"175\" height=\"258\" \/><\/a><p id=\"caption-attachment-3479\" class=\"wp-caption-text\">Ad\u00e1n C\u00e1rdenas<\/p><\/div>\n<p><strong>1887<\/strong>\u00a0\u00a0Evaristo Carazo<\/p>\n<p><strong>1889<\/strong>\u00a0\u00a0Roberto Sacasa<\/p>\n<p><strong>1893<\/strong>\u00a0\u00a0Innere Wirren<br \/>\nJos\u00e9 Santos Zelaya<\/p>\n<p><strong>1909<\/strong>\u00a0\u00a0Jos\u00e9 Madriz<\/p>\n<p><strong>1910<\/strong>\u00a0\u00a0Jos\u00e9 Dolores Estrada<\/p>\n<p><strong>1911<\/strong>\u00a0\u00a0Juan Jos\u00e9 Estrada, January 1\u2013May 9<br \/>\nAdolfo D\u00edaz, May 9\u2013December 31\u00a0(U.S. Occupation)<\/p>\n<p><strong>1917<\/strong>\u00a0\u00a0Emiliano Chamorro Vargas (U.S. Occupation)<\/p>\n<div id=\"attachment_3480\" style=\"width: 345px\" class=\"wp-caption alignright\"><a href=\"https:\/\/library.brown.edu\/create\/modernlatinamerica\/wp-content\/uploads\/sites\/42\/2012\/08\/Emiliano_Chamorro_Vargas.jpg\"><img loading=\"lazy\" decoding=\"async\" aria-describedby=\"caption-attachment-3480\" class=\"size-full wp-image-3480 \" alt=\"Emiliano_Chamorro_Vargas\" src=\"https:\/\/library.brown.edu\/create\/modernlatinamerica\/wp-content\/uploads\/sites\/42\/2012\/08\/Emiliano_Chamorro_Vargas.jpg\" width=\"335\" height=\"418\" srcset=\"https:\/\/library.brown.edu\/create\/modernlatinamerica\/wp-content\/uploads\/sites\/42\/2012\/08\/Emiliano_Chamorro_Vargas.jpg 335w, https:\/\/library.brown.edu\/create\/modernlatinamerica\/wp-content\/uploads\/sites\/42\/2012\/08\/Emiliano_Chamorro_Vargas-240x300.jpg 240w\" sizes=\"auto, (max-width: 335px) 100vw, 335px\" \/><\/a><p id=\"caption-attachment-3480\" class=\"wp-caption-text\">Emiliano Chamorro Vargas<\/p><\/div>\n<p><strong>1919<\/strong>\u00a0\u00a0Diego Manuel Chamorro (U.S. Occupation)<\/p>\n<p><strong>1923<\/strong>\u00a0\u00a0Bartolom\u00e9o Mart\u00ednez (U.S. Occupation)<\/p>\n<p><strong>1925<\/strong>\u00a0\u00a0Carlos Sol\u00f3rzano (U.S. Occpation)<\/p>\n<p><strong>1926<\/strong>\u00a0\u00a0Emiliano Chamorro Vargas,\u00a0January 15\u2013November 11<br \/>\nAdolfo D\u00edaz, November 11\u2013<br \/>\nJanuary 1, 1929 (U.S. Occupation)<\/p>\n<p><strong>1929<\/strong>\u00a0\u00a0Jos\u00e9 Mar\u00eda Moncada (U.S. Occupation)<\/p>\n<p><strong>1933<\/strong>\u00a0\u00a0Juan Bautista Sacasa<\/p>\n<p><strong>1936<\/strong>\u00a0\u00a0Carlos Brenes Jarqu\u00edn<\/p>\n<p><strong>1937<\/strong>\u00a0\u00a0Anastasio Somoza Garc\u00eda<\/p>\n<p><strong>1947<\/strong>\u00a0\u00a0Leonardo Arg\u00fcello, May 1\u201326<\/p>\n<div id=\"attachment_3481\" style=\"width: 327px\" class=\"wp-caption alignright\"><a href=\"https:\/\/library.brown.edu\/create\/modernlatinamerica\/wp-content\/uploads\/sites\/42\/2012\/08\/Tachito_Somoza_y_su_esposa_Hope_en_el_Retiro.jpg\"><img loading=\"lazy\" decoding=\"async\" aria-describedby=\"caption-attachment-3481\" class=\" wp-image-3481 \" alt=\"Tachito_Somoza_y_su_esposa_Hope_en_el_Retiro\" src=\"https:\/\/library.brown.edu\/create\/modernlatinamerica\/wp-content\/uploads\/sites\/42\/2012\/08\/Tachito_Somoza_y_su_esposa_Hope_en_el_Retiro.jpg\" width=\"317\" height=\"480\" srcset=\"https:\/\/library.brown.edu\/create\/modernlatinamerica\/wp-content\/uploads\/sites\/42\/2012\/08\/Tachito_Somoza_y_su_esposa_Hope_en_el_Retiro.jpg 396w, https:\/\/library.brown.edu\/create\/modernlatinamerica\/wp-content\/uploads\/sites\/42\/2012\/08\/Tachito_Somoza_y_su_esposa_Hope_en_el_Retiro-198x300.jpg 198w\" sizes=\"auto, (max-width: 317px) 100vw, 317px\" \/><\/a><p id=\"caption-attachment-3481\" class=\"wp-caption-text\">Anastasio Somoza Debayle and his wife<\/p><\/div>\n<p>Benjam\u00edn Lacayo Sacasa, May 26\u2013August 15<\/p>\n<p>Victor Rom\u00e1n y Reyes, August 15\u2013May 6, 1950<\/p>\n<p><strong>1950<\/strong>\u00a0\u00a0Anastasio Somoza Garc\u00eda<\/p>\n<p><strong>1956<\/strong>\u00a0\u00a0Luis Somoza Debayle<\/p>\n<p><strong>1963<\/strong>\u00a0\u00a0Ren\u00e9 Schick Guti\u00e9rrez<\/p>\n<p><strong>1966<\/strong>\u00a0\u00a0Lorenzo Guerrero Guti\u00e9rrez<\/p>\n<p><strong>1967<\/strong>\u00a0\u00a0Anastasio Somoza Debayle<\/p>\n<p><strong>1972<\/strong>\u00a0\u00a0Governing junta<br \/>\nfor Somoza family<\/p>\n<p><strong>1974<\/strong>\u00a0\u00a0Anastasio Somoza Debayle<\/p>\n<p><strong>1979<\/strong>\u00a0\u00a0Sandinista junta: Daniel Ortega and others<\/p>\n<div id=\"attachment_3482\" style=\"width: 156px\" class=\"wp-caption alignright\"><a href=\"https:\/\/library.brown.edu\/create\/modernlatinamerica\/wp-content\/uploads\/sites\/42\/2012\/08\/Daniel_Ortega_2008.jpg\"><img loading=\"lazy\" decoding=\"async\" aria-describedby=\"caption-attachment-3482\" class=\" wp-image-3482  \" alt=\"Daniel_Ortega_2008\" src=\"https:\/\/library.brown.edu\/create\/modernlatinamerica\/wp-content\/uploads\/sites\/42\/2012\/08\/Daniel_Ortega_2008.jpg\" width=\"146\" height=\"200\" srcset=\"https:\/\/library.brown.edu\/create\/modernlatinamerica\/wp-content\/uploads\/sites\/42\/2012\/08\/Daniel_Ortega_2008.jpg 243w, https:\/\/library.brown.edu\/create\/modernlatinamerica\/wp-content\/uploads\/sites\/42\/2012\/08\/Daniel_Ortega_2008-218x300.jpg 218w\" sizes=\"auto, (max-width: 146px) 100vw, 146px\" \/><\/a><p id=\"caption-attachment-3482\" class=\"wp-caption-text\">Daniel OrtegaOrtega and othersOrtega and others<\/p><\/div>\n<p><strong>1985\u00a0<\/strong>\u00a0Jos\u00e9 Daniel Ortega Saavedra<\/p>\n<p><strong>1990<\/strong>\u00a0\u00a0Violeta Barrios de Chamorro<\/p>\n<p><strong>1997<\/strong>\u00a0\u00a0Jos\u00e9 Arnaldo Alem\u00e1n Lacayo<\/p>\n<p><strong>2002<\/strong>\u00a0\u00a0Enrique Bola\u00f1os<\/p>\n<p><strong>2007<\/strong> Daniel Ortega<\/p>\n<p>&nbsp;<\/p>\n<p><span style=\"text-decoration: underline;font-size: x-large\">El Salvador:<\/span><\/p>\n<div id=\"attachment_3483\" style=\"width: 232px\" class=\"wp-caption alignright\"><a href=\"https:\/\/library.brown.edu\/create\/modernlatinamerica\/wp-content\/uploads\/sites\/42\/2012\/08\/Rafael_Zaldivar.jpg\"><img loading=\"lazy\" decoding=\"async\" aria-describedby=\"caption-attachment-3483\" class=\" wp-image-3483 \" alt=\"Rafael_Zaldivar\" src=\"https:\/\/library.brown.edu\/create\/modernlatinamerica\/wp-content\/uploads\/sites\/42\/2012\/08\/Rafael_Zaldivar.jpg\" width=\"222\" height=\"278\" srcset=\"https:\/\/library.brown.edu\/create\/modernlatinamerica\/wp-content\/uploads\/sites\/42\/2012\/08\/Rafael_Zaldivar.jpg 247w, https:\/\/library.brown.edu\/create\/modernlatinamerica\/wp-content\/uploads\/sites\/42\/2012\/08\/Rafael_Zaldivar-240x300.jpg 240w\" sizes=\"auto, (max-width: 222px) 100vw, 222px\" \/><\/a><p id=\"caption-attachment-3483\" class=\"wp-caption-text\">Rafael Zald\u00edvar<\/p><\/div>\n<p><strong>1876<\/strong>\u00a0\u00a0Rafael Zald\u00edvar<\/p>\n<p><strong>1885<\/strong>\u00a0\u00a0Francisco Men\u00e9ndez<\/p>\n<p><strong>1890<\/strong>\u00a0\u00a0Carlos Ezeta<\/p>\n<p><strong>1894<\/strong>\u00a0\u00a0Rafael Guti\u00e9rrez<\/p>\n<p><strong>1898<\/strong>\u00a0\u00a0Tom\u00e1s Regalado<\/p>\n<p><strong>1903<\/strong>\u00a0\u00a0Pedro Jos\u00e9 Escal\u00f3n<\/p>\n<p><strong>1907<\/strong>\u00a0\u00a0Fernando Figueroa<\/p>\n<p><strong>1911\u00a0<\/strong>\u00a0Manuel Enrique Araujo<\/p>\n<p><strong>1913\u00a0<\/strong>\u00a0Carlos Mel\u00e9ndez Ramirez<\/p>\n<p><strong>1914<\/strong>\u00a0\u00a0Alfonso Qui\u00f1\u00f3nes Molina<\/p>\n<p><strong>1915<\/strong>\u00a0\u00a0Carlos Mel\u00e9ndez<\/p>\n<p><strong>1919<\/strong>\u00a0\u00a0Jorge Mel\u00e9ndez<\/p>\n<p><strong>1923<\/strong>\u00a0\u00a0Alfonso Qui\u00f1\u00f3nez Molina<\/p>\n<p><strong>1927<\/strong>\u00a0\u00a0P\u00edo Romero Bosque<\/p>\n<p><strong>1931<\/strong>\u00a0\u00a0Arturo Araujo, March 1\u2013December 4<br \/>\nMaximiliano Hern\u00e1ndez Mart\u00ednez, December 4-August 29, 1934<\/p>\n<div id=\"attachment_3484\" style=\"width: 196px\" class=\"wp-caption alignright\"><a href=\"https:\/\/library.brown.edu\/create\/modernlatinamerica\/wp-content\/uploads\/sites\/42\/2012\/08\/Alfonso_Quin\u0303o\u0301nez_Molina_1915.jpg\"><img loading=\"lazy\" decoding=\"async\" aria-describedby=\"caption-attachment-3484\" class=\"wp-image-3484  \" alt=\"Alfonso_Quin\u0303o\u0301nez_Molina_1915\" src=\"https:\/\/library.brown.edu\/create\/modernlatinamerica\/wp-content\/uploads\/sites\/42\/2012\/08\/Alfonso_Quin\u0303o\u0301nez_Molina_1915.jpg\" width=\"186\" height=\"243\" srcset=\"https:\/\/library.brown.edu\/create\/modernlatinamerica\/wp-content\/uploads\/sites\/42\/2012\/08\/Alfonso_Quin\u0303o\u0301nez_Molina_1915.jpg 1347w, https:\/\/library.brown.edu\/create\/modernlatinamerica\/wp-content\/uploads\/sites\/42\/2012\/08\/Alfonso_Quin\u0303o\u0301nez_Molina_1915-230x300.jpg 230w, https:\/\/library.brown.edu\/create\/modernlatinamerica\/wp-content\/uploads\/sites\/42\/2012\/08\/Alfonso_Quin\u0303o\u0301nez_Molina_1915-768x1001.jpg 768w, https:\/\/library.brown.edu\/create\/modernlatinamerica\/wp-content\/uploads\/sites\/42\/2012\/08\/Alfonso_Quin\u0303o\u0301nez_Molina_1915-785x1024.jpg 785w\" sizes=\"auto, (max-width: 186px) 100vw, 186px\" \/><\/a><p id=\"caption-attachment-3484\" class=\"wp-caption-text\">Alfonso Qui\u00f1\u00f3nez MolinaDecember 4\u2013August 29, 1934<\/p><\/div>\n<p><strong>1934<\/strong>\u00a0\u00a0Andr\u00e9s Ignacio Men\u00e9ndez<\/p>\n<p><strong>1935<\/strong>\u00a0\u00a0Maximiliano Hern\u00e1ndez Mart\u00ednez<\/p>\n<p><strong>1944<\/strong>\u00a0\u00a0Andr\u00e9s Ignacio Men\u00e9ndez, May 9\u2013<br \/>\nOctober 21<br \/>\nOsm\u00edn Aguirre y Salinas, October 21, 1944-March 1, 1945<\/p>\n<p><strong>1945<\/strong>\u00a0\u00a0Salvador Castaneda Castro<\/p>\n<p><strong>1948<\/strong>\u00a0\u00a0Manuel de J. C\u00f3rdova<\/p>\n<p><strong>1949<\/strong>\u00a0 \u00d3scar Osorio, January 4\u2013October 22<br \/>\n\u00d3scar Bola\u00f1os, October 22-September 14, 1950<\/p>\n<p><strong>1950<\/strong>\u00a0 \u00d3scar Osorio<\/p>\n<p><strong>1956<\/strong>\u00a0\u00a0Jos\u00e9 Mar\u00eda Lemus<\/p>\n<p><strong>1960<\/strong>\u00a0\u00a0Miguel \u00c1ngel Castillo<\/p>\n<div id=\"attachment_3485\" style=\"width: 185px\" class=\"wp-caption alignright\"><a href=\"https:\/\/library.brown.edu\/create\/modernlatinamerica\/wp-content\/uploads\/sites\/42\/2012\/08\/Fidel_Sanchez_Hernandez.jpg\"><img loading=\"lazy\" decoding=\"async\" aria-describedby=\"caption-attachment-3485\" class=\"size-full wp-image-3485 \" alt=\"Fidel_Sanchez_Hernandez\" src=\"https:\/\/library.brown.edu\/create\/modernlatinamerica\/wp-content\/uploads\/sites\/42\/2012\/08\/Fidel_Sanchez_Hernandez.jpg\" width=\"175\" height=\"229\" \/><\/a><p id=\"caption-attachment-3485\" class=\"wp-caption-text\">Fidel S\u00e1nchez Hernandez<\/p><\/div>\n<p><strong>1961<\/strong>\u00a0\u00a0An\u00edbal Portillo<\/p>\n<p><strong>1962<\/strong>\u00a0\u00a0Eusebio Rodolfo Cord\u00f3n,<br \/>\nJanuary 25\u2013July 1<br \/>\nJulio Adalberto Rivera, July 1\u2013<br \/>\nJuly 1, 1967<\/p>\n<p><strong>1967<\/strong>\u00a0\u00a0Fidel S\u00e1nchez Hern\u00e1ndez<\/p>\n<p><strong>1972<\/strong>\u00a0\u00a0Arturo Armando Molina<\/p>\n<p><strong>1977<\/strong>\u00a0\u00a0Carlos Humberto Romero<\/p>\n<p><strong>1979<\/strong>\u00a0\u00a0Jaime Abdul Guti\u00e9rrez, Adolfo<br \/>\nArnoldo Majano and junta<\/p>\n<div id=\"attachment_3486\" style=\"width: 258px\" class=\"wp-caption alignright\"><a href=\"https:\/\/library.brown.edu\/create\/modernlatinamerica\/wp-content\/uploads\/sites\/42\/2012\/08\/Mauricio_Funes_detail_1952WD203.jpg\"><img loading=\"lazy\" decoding=\"async\" aria-describedby=\"caption-attachment-3486\" class=\" wp-image-3486  \" alt=\"Mauricio Funes\" src=\"https:\/\/library.brown.edu\/create\/modernlatinamerica\/wp-content\/uploads\/sites\/42\/2012\/08\/Mauricio_Funes_detail_1952WD203.jpg\" width=\"248\" height=\"371\" srcset=\"https:\/\/library.brown.edu\/create\/modernlatinamerica\/wp-content\/uploads\/sites\/42\/2012\/08\/Mauricio_Funes_detail_1952WD203.jpg 689w, https:\/\/library.brown.edu\/create\/modernlatinamerica\/wp-content\/uploads\/sites\/42\/2012\/08\/Mauricio_Funes_detail_1952WD203-200x300.jpg 200w, https:\/\/library.brown.edu\/create\/modernlatinamerica\/wp-content\/uploads\/sites\/42\/2012\/08\/Mauricio_Funes_detail_1952WD203-684x1024.jpg 684w\" sizes=\"auto, (max-width: 248px) 100vw, 248px\" \/><\/a><p id=\"caption-attachment-3486\" class=\"wp-caption-text\">Mauricio Funes<\/p><\/div>\n<p><strong>1980<\/strong>\u00a0\u00a0Jos\u00e9 Napole\u00f3n Duarte<\/p>\n<p><strong>1982<\/strong>\u00a0\u00a0Alvaro Alfredo Maga\u00f1a<\/p>\n<p><strong>1984<\/strong>\u00a0\u00a0Jos\u00e9 Napole\u00f3n Duarte<\/p>\n<p><strong>1989<\/strong>\u00a0\u00a0Alfredo Cristiani<\/p>\n<p><strong>1994<\/strong>\u00a0\u00a0Armando Calder\u00f3n Sol<\/p>\n<p><strong>1999<\/strong>\u00a0\u00a0Francisco Flores P\u00e9rez<\/p>\n<p><strong>2004<\/strong>\u00a0\u00a0Antonio Saca<\/p>\n<p><strong>2009<\/strong> Mauricio Funes<\/p>\n<p>&nbsp;<\/p>\n<p><span style=\"text-decoration: underline;font-size: x-large\">Honduras:<\/span><\/p>\n<p><strong>1876<\/strong>\u00a0\u00a0Marco Aurelio Soto<\/p>\n<div id=\"attachment_3487\" style=\"width: 252px\" class=\"wp-caption alignright\"><a href=\"https:\/\/library.brown.edu\/create\/modernlatinamerica\/wp-content\/uploads\/sites\/42\/2012\/08\/Marco_Aurelio_Soto.jpg\"><img loading=\"lazy\" decoding=\"async\" aria-describedby=\"caption-attachment-3487\" class=\" wp-image-3487 \" alt=\"Marco_Aurelio_Soto\" src=\"https:\/\/library.brown.edu\/create\/modernlatinamerica\/wp-content\/uploads\/sites\/42\/2012\/08\/Marco_Aurelio_Soto.jpg\" width=\"242\" height=\"260\" srcset=\"https:\/\/library.brown.edu\/create\/modernlatinamerica\/wp-content\/uploads\/sites\/42\/2012\/08\/Marco_Aurelio_Soto.jpg 404w, https:\/\/library.brown.edu\/create\/modernlatinamerica\/wp-content\/uploads\/sites\/42\/2012\/08\/Marco_Aurelio_Soto-279x300.jpg 279w\" sizes=\"auto, (max-width: 242px) 100vw, 242px\" \/><\/a><p id=\"caption-attachment-3487\" class=\"wp-caption-text\">Marco Aurelio Soto<\/p><\/div>\n<p><strong>1883<\/strong>\u00a0\u00a0Lu\u00eds Bogr\u00e1n<\/p>\n<p><strong>1891<\/strong>\u00a0\u00a0Ponciano Leiva<\/p>\n<p><strong>1893<\/strong>\u00a0\u00a0Domingo V\u00e1zquez<\/p>\n<p><strong>1894<\/strong>\u00a0\u00a0Policarpo Bonilla<\/p>\n<p><strong>1899<\/strong>\u00a0\u00a0Terencio Sierra<\/p>\n<p><strong>1903<\/strong>\u00a0\u00a0Manuel Bonilla<\/p>\n<p><strong>1907<\/strong>\u00a0\u00a0Miguel R. D\u00e1vila<\/p>\n<p><strong>1911<\/strong>\u00a0\u00a0Francisco Bertrand<\/p>\n<p><strong>1912<\/strong>\u00a0\u00a0Manuel Bonilla<\/p>\n<p><strong>1913<\/strong>\u00a0\u00a0Francisco Bertrand<\/p>\n<div id=\"attachment_3488\" style=\"width: 327px\" class=\"wp-caption alignright\"><a href=\"https:\/\/library.brown.edu\/create\/modernlatinamerica\/wp-content\/uploads\/sites\/42\/2012\/08\/396px-Rafael_Lopez_Gutierrez.jpg\"><img loading=\"lazy\" decoding=\"async\" aria-describedby=\"caption-attachment-3488\" class=\" wp-image-3488 \" alt=\"396px-Rafael_Lopez_Gutierrez\" src=\"https:\/\/library.brown.edu\/create\/modernlatinamerica\/wp-content\/uploads\/sites\/42\/2012\/08\/396px-Rafael_Lopez_Gutierrez.jpg\" width=\"317\" height=\"479\" srcset=\"https:\/\/library.brown.edu\/create\/modernlatinamerica\/wp-content\/uploads\/sites\/42\/2012\/08\/396px-Rafael_Lopez_Gutierrez.jpg 396w, https:\/\/library.brown.edu\/create\/modernlatinamerica\/wp-content\/uploads\/sites\/42\/2012\/08\/396px-Rafael_Lopez_Gutierrez-198x300.jpg 198w\" sizes=\"auto, (max-width: 317px) 100vw, 317px\" \/><\/a><p id=\"caption-attachment-3488\" class=\"wp-caption-text\">Rafael L\u00f3pez Guti\u00e9rrez<\/p><\/div>\n<p><strong>1915<\/strong>\u00a0\u00a0Alberto Membre\u00f1o<\/p>\n<p><strong>1916<\/strong>\u00a0\u00a0Francisco Bertrand<\/p>\n<p><strong>1920<\/strong>\u00a0\u00a0Rafael L\u00f3pez Guti\u00e9rrez<\/p>\n<p><strong>1924<\/strong>\u00a0\u00a0Fausto D\u00e1vila, March 27\u201331<br \/>\nVincente Tosta, April 1\u2013<br \/>\nFebruary 2, 1925<\/p>\n<p><strong>1925<\/strong>\u00a0\u00a0Miguel Paz Barahona<\/p>\n<p><strong>1929<\/strong>\u00a0\u00a0Vincente Mej\u00eda Colindres<\/p>\n<p><strong>1933<\/strong>\u00a0\u00a0Tiburcio Car\u00edas Andino<\/p>\n<p><strong>1949<\/strong>\u00a0\u00a0Juan Manuel G\u00e1lvez<\/p>\n<p><strong>1956<\/strong>\u00a0\u00a0Roque I. Rodr\u00edguez<\/p>\n<p><strong>1957<\/strong>\u00a0\u00a0Ram\u00f3n Villeda Morales<\/p>\n<p><strong>1963<\/strong>\u00a0\u00a0Oswaldo L\u00f3pez Arellano<\/p>\n<p><strong>1971<\/strong>\u00a0\u00a0Ram\u00f3n Ernesto Cruz<\/p>\n<p><strong>1972<\/strong>\u00a0\u00a0Oswaldo L\u00f3pez Arellano<\/p>\n<p><strong>1975<\/strong>\u00a0\u00a0Juan Alberto Melgar Castro<\/p>\n<div id=\"attachment_3489\" style=\"width: 234px\" class=\"wp-caption alignright\"><a href=\"https:\/\/library.brown.edu\/create\/modernlatinamerica\/wp-content\/uploads\/sites\/42\/2012\/08\/Rafael_Callejas.jpg\"><img loading=\"lazy\" decoding=\"async\" aria-describedby=\"caption-attachment-3489\" class=\"size-full wp-image-3489 \" alt=\"Rafael_Callejas\" src=\"https:\/\/library.brown.edu\/create\/modernlatinamerica\/wp-content\/uploads\/sites\/42\/2012\/08\/Rafael_Callejas.jpg\" width=\"224\" height=\"268\" \/><\/a><p id=\"caption-attachment-3489\" class=\"wp-caption-text\">Rafael Leonardo Callejas Romero<\/p><\/div>\n<p><strong>1978<\/strong>\u00a0\u00a0Policarpo Paz Garc\u00eda<\/p>\n<p><strong>1982\u00a0\u00a0<\/strong>Roberto Suazo C\u00f3rdova<\/p>\n<p><strong>1986<\/strong>\u00a0\u00a0Jos\u00e9 Azcona del Hoyo<\/p>\n<p><strong>1990<\/strong>\u00a0\u00a0Rafael Leonardo Callejas<\/p>\n<p><strong>1994<\/strong>\u00a0\u00a0Carlos Roberto Reina<\/p>\n<p><strong>1998<\/strong>\u00a0\u00a0Carlos Roberto<br \/>\nFlores<\/p>\n<p><strong>2002<\/strong>\u00a0\u00a0Ricardo Maduro<\/p>\n<p><strong>2006<\/strong> Manuel Zelaya<\/p>\n<p><strong>2009<\/strong> Roberto Micheletti (acting)<\/p>\n<p><strong>2010<\/strong> Porfirio Lobo Sosa<\/p>\n<p>&nbsp;<\/p>\n<p><span style=\"text-decoration: underline;font-size: x-large\">Panama:<\/span><\/p>\n<p><strong>1904<\/strong>\u00a0\u00a0Manuel Amador Guerrero<\/p>\n<div id=\"attachment_3490\" style=\"width: 230px\" class=\"wp-caption alignright\"><a href=\"https:\/\/library.brown.edu\/create\/modernlatinamerica\/wp-content\/uploads\/sites\/42\/2012\/08\/220px-Amador_Guerrero_Manuel.jpg\"><img loading=\"lazy\" decoding=\"async\" aria-describedby=\"caption-attachment-3490\" class=\"size-full wp-image-3490 \" alt=\"220px-Amador_Guerrero,_Manuel\" src=\"https:\/\/library.brown.edu\/create\/modernlatinamerica\/wp-content\/uploads\/sites\/42\/2012\/08\/220px-Amador_Guerrero_Manuel.jpg\" width=\"220\" height=\"377\" srcset=\"https:\/\/library.brown.edu\/create\/modernlatinamerica\/wp-content\/uploads\/sites\/42\/2012\/08\/220px-Amador_Guerrero_Manuel.jpg 220w, https:\/\/library.brown.edu\/create\/modernlatinamerica\/wp-content\/uploads\/sites\/42\/2012\/08\/220px-Amador_Guerrero_Manuel-175x300.jpg 175w\" sizes=\"auto, (max-width: 220px) 100vw, 220px\" \/><\/a><p id=\"caption-attachment-3490\" class=\"wp-caption-text\">Manuel Amador Guerrero<\/p><\/div>\n<p><strong>1908<\/strong>\u00a0\u00a0Jos\u00e9 Domingo de Obald\u00eda<\/p>\n<p><strong>1910<\/strong>\u00a0\u00a0Carlos Antonio Mendoza,<br \/>\nMarch 1\u2013October 1<br \/>\nFederico Boyd, October 1\u20134<br \/>\nPablo Arosemena, October 4\u2013February 2, 1912<\/p>\n<p><strong>1912<\/strong>\u00a0\u00a0Rodolfo Chiari, February 2\u2013<br \/>\nMarch 7<br \/>\nPablo Arosemena, March 7\u2013October 1<\/p>\n<p>Belisario Porras, October 1, 1912-October 1, 1916<\/p>\n<p><strong>1916<\/strong>\u00a0\u00a0Ram\u00f3n Maximiliano Vald\u00e9s<\/p>\n<p><strong>1918\u00a0<\/strong>\u00a0Ciro Luis Urriola, June 3\u2013October 1<br \/>\nPedro Antonio D\u00edaz, October 1\u201312<br \/>\nBelisario Porras, October 12\u2013January 30, 1920<\/p>\n<p><strong>1920<\/strong>\u00a0\u00a0Ernesto Tisdel Lefevere,<br \/>\nJanuary 30\u2013October 1<br \/>\nBelisario Porras, October 1\u2013October 1, 1924<\/p>\n<p><strong>1924<\/strong>\u00a0\u00a0Rodolfo Chiari<\/p>\n<p><strong>1928<\/strong>\u00a0\u00a0Florencio Harmodio Arosemena<\/p>\n<p><strong>1931<\/strong>\u00a0\u00a0Harmodio Arias, January 2\u201316<br \/>\nRicardo J. Alfaro, January 16\u2013<br \/>\nOctober 1, 1932<\/p>\n<p><strong>1932\u00a0<\/strong>\u00a0Harmodio Arias<\/p>\n<p><strong>1936\u00a0<\/strong>\u00a0Juan Dem\u00f3stenes Arosemena<\/p>\n<p><strong>1939<\/strong>\u00a0\u00a0Augusto S. Boyd<\/p>\n<p><strong>1940<\/strong>\u00a0\u00a0Arnulfo Arias<\/p>\n<p><strong>1941<\/strong>\u00a0\u00a0Ernesto Ja\u00e9n Guardia,<br \/>\nOctober 9<br \/>\nRicardo Adolfo de la Guardia<br \/>\nOctober 9\u2013June 15, 1945<\/p>\n<p><strong>1945<\/strong>\u00a0\u00a0Enrique Adolfo Jim\u00e9nez<\/p>\n<p><strong>1948<\/strong>\u00a0\u00a0Domingo D\u00edaz Arosemena<\/p>\n<p><strong>1949<\/strong>\u00a0\u00a0Daniel Chanis Pinz\u00f3n, July 28\u2013November 20<br \/>\nRoberto Chiari Rem\u00f3n, November 20\u201325<br \/>\nArnulfo Arias, November 25\u2013May 10, 1951<\/p>\n<p><strong>1951<\/strong>\u00a0\u00a0Alcib\u00edades Arosemena<\/p>\n<p><strong>1952<\/strong>\u00a0\u00a0Jos\u00e9 Antonio Rem\u00f3n Cantera<\/p>\n<p><strong>1955<\/strong>\u00a0\u00a0Jos\u00e9 Ram\u00f3n Guizado, January 3\u201315<br \/>\nRicardo M. Arias Espinosa,<br \/>\nJanuary 15\u2013October 1, 1956<\/p>\n<div id=\"attachment_3494\" style=\"width: 230px\" class=\"wp-caption alignright\"><a href=\"https:\/\/library.brown.edu\/create\/modernlatinamerica\/wp-content\/uploads\/sites\/42\/2012\/08\/220px-De-la-espriella-crop.jpg\"><img loading=\"lazy\" decoding=\"async\" aria-describedby=\"caption-attachment-3494\" class=\"size-full wp-image-3494 \" alt=\"220px-De-la-espriella-crop\" src=\"https:\/\/library.brown.edu\/create\/modernlatinamerica\/wp-content\/uploads\/sites\/42\/2012\/08\/220px-De-la-espriella-crop.jpg\" width=\"220\" height=\"258\" \/><\/a><p id=\"caption-attachment-3494\" class=\"wp-caption-text\">Ricardo de la Espriella<\/p><\/div>\n<p><strong>1956<\/strong>\u00a0\u00a0Ernesto de la Guardia, Jr.<\/p>\n<p><strong>1960<\/strong>\u00a0\u00a0Roberto F. Chiari Rem\u00f3n<\/p>\n<p><strong>1964<\/strong>\u00a0\u00a0Marco Aurelio Robles<\/p>\n<p><strong>1968<\/strong>\u00a0\u00a0Arnulfo Arias Madrid, October 1\u2013<br \/>\nOctober 11<br \/>\nOmar Torrijos Herrera, October 11\u2013<br \/>\nSeptember, 1978<\/p>\n<p><strong>1978<\/strong>\u00a0\u00a0Aristides Royo<\/p>\n<p><strong>1982<\/strong>\u00a0\u00a0Ricardo de la Espriella<\/p>\n<p><strong>1984<\/strong>\u00a0\u00a0Jorge Illueca<br \/>\nNicol\u00e1s Ardito Barletta Vallarino<\/p>\n<p><strong>1985<\/strong>\u00a0\u00a0Eric Arturo Devalle Henr\u00edquez<\/p>\n<div id=\"attachment_3493\" style=\"width: 315px\" class=\"wp-caption alignright\"><a href=\"https:\/\/library.brown.edu\/create\/modernlatinamerica\/wp-content\/uploads\/sites\/42\/2012\/08\/509px-Ricardo_Martinelli_Presidente_de_Panama\u0301.jpg\"><img loading=\"lazy\" decoding=\"async\" aria-describedby=\"caption-attachment-3493\" class=\" wp-image-3493  \" alt=\"509px-Ricardo_Martinelli_Presidente_de_Panama\u0301\" src=\"https:\/\/library.brown.edu\/create\/modernlatinamerica\/wp-content\/uploads\/sites\/42\/2012\/08\/509px-Ricardo_Martinelli_Presidente_de_Panama\u0301.jpg\" width=\"305\" height=\"359\" srcset=\"https:\/\/library.brown.edu\/create\/modernlatinamerica\/wp-content\/uploads\/sites\/42\/2012\/08\/509px-Ricardo_Martinelli_Presidente_de_Panama\u0301.jpg 509w, https:\/\/library.brown.edu\/create\/modernlatinamerica\/wp-content\/uploads\/sites\/42\/2012\/08\/509px-Ricardo_Martinelli_Presidente_de_Panama\u0301-255x300.jpg 255w\" sizes=\"auto, (max-width: 305px) 100vw, 305px\" \/><\/a><p id=\"caption-attachment-3493\" class=\"wp-caption-text\">Ricardo Martinelli<\/p><\/div>\n<p><strong>1988<\/strong>\u00a0\u00a0Manuel Sol\u00eds Palma (Manuel Antonio Noreiga, de facto head of state)<\/p>\n<p><strong>1989<\/strong>\u00a0\u00a0Francisco Rodrigu\u00e9z, September\u2013December<\/p>\n<p><strong>1990<\/strong>\u00a0\u00a0Guillermo Endara<\/p>\n<p><strong>1994<\/strong>\u00a0\u00a0Ernesto P\u00e9rez Balladares Gonz\u00e1lez<\/p>\n<p><strong>1999<\/strong>\u00a0\u00a0Mireya Moscoso<\/p>\n<p><strong>2004<\/strong>\u00a0\u00a0Mart\u00edn Torrijos<\/p>\n<p><strong>2009<\/strong> Ricardo Martinelli<\/p>\n<p><span style=\"text-decoration: underline;font-size: x-large\">Guatemala:<\/span><\/p>\n<p><strong>1873<\/strong>\u00a0\u00a0Justo Rufino Barrios<\/p>\n<div id=\"attachment_3495\" style=\"width: 190px\" class=\"wp-caption alignright\"><a href=\"https:\/\/library.brown.edu\/create\/modernlatinamerica\/wp-content\/uploads\/sites\/42\/2012\/08\/180px-Manuel_Estrada_Cabrera_01.jpg\"><img loading=\"lazy\" decoding=\"async\" aria-describedby=\"caption-attachment-3495\" class=\"size-full wp-image-3495 \" alt=\"180px-Manuel_Estrada_Cabrera_01\" src=\"https:\/\/library.brown.edu\/create\/modernlatinamerica\/wp-content\/uploads\/sites\/42\/2012\/08\/180px-Manuel_Estrada_Cabrera_01.jpg\" width=\"180\" height=\"215\" \/><\/a><p id=\"caption-attachment-3495\" class=\"wp-caption-text\">Manuel Jos\u00e9 Estrada Cabrera<\/p><\/div>\n<p><strong>1885<\/strong>\u00a0\u00a0Alejandro Sinibaldi, April 2\u201315<br \/>\nManuel Lisandro Barillas, April 15\u2013<br \/>\nMarch 15, 1892<\/p>\n<p><strong>1892<\/strong>\u00a0\u00a0Jos\u00e9 Mar\u00eda Reina Barrios<\/p>\n<p><strong>1898<\/strong>\u00a0\u00a0Manuel Estrada Cabrera<\/p>\n<p><strong>1920<\/strong>\u00a0\u00a0Carlos Herrera<\/p>\n<p><strong>1922<\/strong>\u00a0\u00a0Jos\u00e9 Mar\u00eda Orellana<\/p>\n<p><strong>1926<\/strong>\u00a0\u00a0L\u00e1zaro Chac\u00f3n<\/p>\n<p><strong>1930<\/strong>\u00a0\u00a0Baudillo Palma, December 13\u201316<br \/>\nManuel Orellana C., December 16-31<br \/>\nJos\u00e9 Mar\u00eda Reyna Andrade,<br \/>\nDecember 31\u2013February 14, 1931<\/p>\n<p><strong>1931<\/strong>\u00a0\u00a0Jorge Ubico<\/p>\n<p><strong>1944<\/strong>\u00a0\u00a0Federico Ponce Vaidez, July 1\u2013October 21<br \/>\nJacobo Arbenz Guzm\u00e1n,<br \/>\nDecember 12\u2013March 1, 1945<\/p>\n<p><strong>1945<\/strong>\u00a0\u00a0Juan Jos\u00e9 Ar\u00e9valo<\/p>\n<p><strong>1951<\/strong>\u00a0\u00a0Jacobo \u00c1rbenz Guzm\u00e1n<\/p>\n<p><strong>1954<\/strong>\u00a0\u00a0Carlos D\u00edaz, June 27\u201329<br \/>\nElfego J. Monz\u00f3n, June 29\u2013July 8<br \/>\nCarlos Castillo Armas, July 8\u2013<br \/>\nJuly 26, 1957<\/p>\n<p><strong>1957<\/strong>\u00a0\u00a0Luis Arturo Gonz\u00e1lez L\u00f3pez,<br \/>\nJuly 27\u2013October 25<br \/>\nGuillermo Flores Avenda\u00f1o,<br \/>\nOctober 28\u2013March 2, 1958<\/p>\n<p><strong>1958<\/strong>\u00a0\u00a0Miguel Yd\u00edgoras Fuentes<\/p>\n<div id=\"attachment_3498\" style=\"width: 251px\" class=\"wp-caption alignright\"><a href=\"https:\/\/library.brown.edu\/create\/modernlatinamerica\/wp-content\/uploads\/sites\/42\/2012\/08\/402px-Marco_Vinicio_Cerezo_Are\u0301valo_DN-SN-86-05174.jpg\"><img loading=\"lazy\" decoding=\"async\" aria-describedby=\"caption-attachment-3498\" class=\" wp-image-3498  \" alt=\"402px-Marco_Vinicio_Cerezo_Are\u0301valo_DN-SN-86-05174\" src=\"https:\/\/library.brown.edu\/create\/modernlatinamerica\/wp-content\/uploads\/sites\/42\/2012\/08\/402px-Marco_Vinicio_Cerezo_Are\u0301valo_DN-SN-86-05174.jpg\" width=\"241\" height=\"360\" srcset=\"https:\/\/library.brown.edu\/create\/modernlatinamerica\/wp-content\/uploads\/sites\/42\/2012\/08\/402px-Marco_Vinicio_Cerezo_Are\u0301valo_DN-SN-86-05174.jpg 402w, https:\/\/library.brown.edu\/create\/modernlatinamerica\/wp-content\/uploads\/sites\/42\/2012\/08\/402px-Marco_Vinicio_Cerezo_Are\u0301valo_DN-SN-86-05174-201x300.jpg 201w\" sizes=\"auto, (max-width: 241px) 100vw, 241px\" \/><\/a><p id=\"caption-attachment-3498\" class=\"wp-caption-text\">Marco Vinicio Cerezo Ar\u00e9valo<\/p><\/div>\n<p><strong>1963\u00a0<\/strong>\u00a0Enrique Peralta Azurdia<\/p>\n<p><strong>1966<\/strong>\u00a0\u00a0Julio C\u00e9sar M\u00e9ndez Montenegro<\/p>\n<p><strong>1970<\/strong>\u00a0\u00a0Carlos Manuel Arana Osorio<\/p>\n<p><strong>1974<\/strong>\u00a0\u00a0Kjell Eugenio Laugerud Garc\u00eda<\/p>\n<p><strong>1978<\/strong>\u00a0\u00a0Fernando Romeo Lucas Garc\u00eda<\/p>\n<p><strong>1982<\/strong>\u00a0\u00a0Efra\u00edn R\u00edos Montt<\/p>\n<p><strong>1983<\/strong>\u00a0 \u00d3scar Humberto Mej\u00eda Victores<\/p>\n<p><strong>1986<\/strong>\u00a0\u00a0Marco Vinicio Cerezo Ar\u00e9valo<\/p>\n<p><strong>1991<\/strong>\u00a0\u00a0Jorge Serrano El\u00edas<\/p>\n<p><strong>1993<\/strong>\u00a0\u00a0Ramiro de Le\u00f3n Carpio<\/p>\n<div id=\"attachment_3497\" style=\"width: 230px\" class=\"wp-caption alignright\"><a href=\"https:\/\/library.brown.edu\/create\/modernlatinamerica\/wp-content\/uploads\/sites\/42\/2012\/08\/220px-Otto_Perez_Molina_at_World_Economic_Forum_2013-cropped.jpg\"><img loading=\"lazy\" decoding=\"async\" aria-describedby=\"caption-attachment-3497\" class=\"size-full wp-image-3497 \" alt=\"220px-Otto_Perez_Molina_at_World_Economic_Forum_2013-cropped\" src=\"https:\/\/library.brown.edu\/create\/modernlatinamerica\/wp-content\/uploads\/sites\/42\/2012\/08\/220px-Otto_Perez_Molina_at_World_Economic_Forum_2013-cropped.jpg\" width=\"220\" height=\"313\" srcset=\"https:\/\/library.brown.edu\/create\/modernlatinamerica\/wp-content\/uploads\/sites\/42\/2012\/08\/220px-Otto_Perez_Molina_at_World_Economic_Forum_2013-cropped.jpg 220w, https:\/\/library.brown.edu\/create\/modernlatinamerica\/wp-content\/uploads\/sites\/42\/2012\/08\/220px-Otto_Perez_Molina_at_World_Economic_Forum_2013-cropped-211x300.jpg 211w\" sizes=\"auto, (max-width: 220px) 100vw, 220px\" \/><\/a><p id=\"caption-attachment-3497\" class=\"wp-caption-text\">Otto Perez Molina<\/p><\/div>\n<p><strong>1996<\/strong>\u00a0\u00a0\u00c1lvaro Arz\u00fa<\/p>\n<p><strong>2000<\/strong>\u00a0\u00a0Alfonso Portillo Cabrera<\/p>\n<p><strong>2004<\/strong>\u00a0 \u00d3car Berger<\/p>\n<p><strong>2008<\/strong> \u00c1lvaro Colom<\/p>\n<p><strong>2012<\/strong> Otto P\u00e9rez Molina<\/p>\n<p>&nbsp;<\/p>\n<p>&nbsp;<\/p>\n<p>&nbsp;<\/p>\n<p><span style=\"text-decoration: underline\"><span style=\"font-size: x-large\">Costa Rica:<\/span><\/span><\/p>\n<p><strong>1876\u00a0<\/strong>Tom\u00e1s Guardia<\/p>\n<p><strong>1882<\/strong> Pr\u00f3spero Fern\u00e1ndez<\/p>\n<p><strong>1885\u00a0<\/strong>Bernardo Soto y Alfaro<\/p>\n<p><strong>1890\u00a0<\/strong>Jos\u00e9 Joaqu\u00edn Rodr\u00edguez<\/p>\n<p><strong>1894\u00a0<\/strong>Rafael Iglesias Castro<\/p>\n<div style=\"width: 277px\" class=\"wp-caption alignright\"><img loading=\"lazy\" decoding=\"async\" class=\" \" alt=\"\" src=\"http:\/\/www.fotopaises.com\/Fotos-Paises\/t500\/2008\/4\/4\/2786_1207297066.jpg\" width=\"267\" height=\"350\" \/><p class=\"wp-caption-text\">Rafael Iglesias Castro<\/p><\/div>\n<p><strong>1902\u00a0<\/strong> Ascensi\u00f3n Esquivel Ibarra<\/p>\n<p><strong>1906\u00a0<\/strong>Cleto Gonz\u00e1lez V\u00edquez<\/p>\n<p><strong>1910\u00a0<\/strong>Ricardo Jim\u00ednez Oreamuno<\/p>\n<p><strong>1914<\/strong> Alfredo Gonz\u00e1lez Flores<\/p>\n<p><strong>1917\u00a0<\/strong>Federico Tinoco Granados<\/p>\n<p><strong>1919<\/strong>\u00a0\u00a0Julio Acosta Garc\u00eda, May 7\u2013<br \/>\nAugust 13<br \/>\nJuan Bautista Quir\u00f3s, August 13\u2013<br \/>\nMay 8, 1920<\/p>\n<p><strong>1920\u00a0<\/strong>Julio Acosta Garc\u00eda<\/p>\n<p><strong>1924<\/strong>\u00a0\u00a0Ricardo Jim\u00e9nez Oreamuno<\/p>\n<p><strong>1928<\/strong>\u00a0\u00a0Cleto Gonz\u00e1lez V\u00edquez<\/p>\n<p><strong>1932<\/strong>\u00a0\u00a0Ricardo Jim\u00e9nez Oreamuno<\/p>\n<p><strong>1936<\/strong>\u00a0\u00a0Le\u00f3n Cort\u00e9s Castro<\/p>\n<p><strong>1940<\/strong>\u00a0\u00a0Rafael Angel Calder\u00f3n Guardia<\/p>\n<p><strong>1944\u00a0<\/strong>\u00a0Teodoro Picardo Michalski<\/p>\n<p><strong>1948<\/strong>\u00a0\u00a0Santos Le\u00f3n Herrera, April 19\u2013<br \/>\nMay 8<br \/>\nJos\u00e9 Figueres Ferrer, May 8\u2013<br \/>\nNovember 8, 1949<\/p>\n<div style=\"width: 273px\" class=\"wp-caption alignright\"><img loading=\"lazy\" decoding=\"async\" class=\" \" alt=\"\" src=\"http:\/\/www.fotopaises.com\/Fotos-Paises\/t500\/2008\/4\/4\/2786_1207297134.jpg\" width=\"263\" height=\"350\" \/><p class=\"wp-caption-text\">Otilio Ulate Blanco<\/p><\/div>\n<p><strong>1949<\/strong>\u00a0\u00a0Otilio Ulate Blanco<\/p>\n<p><strong>1952<\/strong>\u00a0\u00a0Alberto Oreamuno Flores<\/p>\n<p><strong>1953<\/strong>\u00a0\u00a0Jos\u00e9 Figueres Ferrer<\/p>\n<p><strong>1958<\/strong>\u00a0\u00a0Mario Echandi Jim\u00e9nez<\/p>\n<p><strong>1962<\/strong>\u00a0\u00a0Francisco Jos\u00e9 Orlich<\/p>\n<p><strong>1966<\/strong>\u00a0\u00a0Jos\u00e9 Joaqu\u00edn Trejos Fern\u00e1ndez<\/p>\n<p><strong>1970<\/strong>\u00a0\u00a0Jos\u00e9 Figueres Ferrer<\/p>\n<div style=\"width: 235px\" class=\"wp-caption alignright\"><img loading=\"lazy\" decoding=\"async\" class=\" \" alt=\"\" src=\"http:\/\/www.fotopaises.com\/Fotos-Paises\/t500\/2008\/4\/4\/2786_1207297195.jpg\" width=\"225\" height=\"300\" \/><p class=\"wp-caption-text\">Rodrigo Carazo<\/p><\/div>\n<p><strong>1974<\/strong>\u00a0\u00a0Daniel Oduber<\/p>\n<p><strong>1978<\/strong>\u00a0\u00a0Rodrigo Carazo<\/p>\n<p><strong>1982<\/strong>\u00a0\u00a0Luis Alberto Monge Alvarez<\/p>\n<p><strong>1986<\/strong>\u00a0\u00a0Oscar Arias S\u00e1nchez<\/p>\n<p><strong>1990<\/strong>\u00a0\u00a0Rafael Angel Calder\u00f3n<\/p>\n<p><strong>1994<\/strong>\u00a0\u00a0Jos\u00e9 Mar\u00eda Figueres<\/p>\n<p><strong>1998\u00a0<\/strong>\u00a0Miguel Angel Rodr\u00edguez<br \/>\nEcheverr\u00eda<\/p>\n<p><strong>2002<\/strong>\u00a0\u00a0Abel Pacheco de la Espriella<\/p>\n","protected":false},"excerpt":{"rendered":"<p>Nicaragua: 1879\u00a0\u00a0Joaqu\u00edn Zavala 1883\u00a0\u00a0Ad\u00e1n C\u00e1rdenas 1887\u00a0\u00a0Evaristo Carazo 1889\u00a0\u00a0Roberto Sacasa 1893\u00a0\u00a0Innere Wirren Jos\u00e9 Santos Zelaya 1909\u00a0\u00a0Jos\u00e9 Madriz 1910\u00a0\u00a0Jos\u00e9 Dolores Estrada 1911\u00a0\u00a0Juan Jos\u00e9 Estrada, January 1\u2013May 9 Adolfo D\u00edaz, May 9\u2013December 31\u00a0(U.S. Occupation) 1917\u00a0\u00a0Emiliano Chamorro Vargas (U.S. Occupation) 1919\u00a0\u00a0Diego Manuel Chamorro (U.S. &hellip; <a href=\"https:\/\/library.brown.edu\/create\/modernlatinamerica\/chapters\/chapter-5-central-america\/central-american-heads-of-state\/\">Continue reading <span class=\"meta-nav\">&rarr;<\/span><\/a><\/p>\n","protected":false},"author":38,"featured_media":0,"parent":197,"menu_order":2,"comment_status":"closed","ping_status":"closed","template":"sidebar-page.php","meta":{"footnotes":""},"class_list":["post-413","page","type-page","status-publish","hentry"],"_links":{"self":[{"href":"https:\/\/library.brown.edu\/create\/modernlatinamerica\/wp-json\/wp\/v2\/pages\/413","targetHints":{"allow":["GET"]}}],"collection":[{"href":"https:\/\/library.brown.edu\/create\/modernlatinamerica\/wp-json\/wp\/v2\/pages"}],"about":[{"href":"https:\/\/library.brown.edu\/create\/modernlatinamerica\/wp-json\/wp\/v2\/types\/page"}],"author":[{"embeddable":true,"href":"https:\/\/library.brown.edu\/create\/modernlatinamerica\/wp-json\/wp\/v2\/users\/38"}],"replies":[{"embeddable":true,"href":"https:\/\/library.brown.edu\/create\/modernlatinamerica\/wp-json\/wp\/v2\/comments?post=413"}],"version-history":[{"count":2,"href":"https:\/\/library.brown.edu\/create\/modernlatinamerica\/wp-json\/wp\/v2\/pages\/413\/revisions"}],"predecessor-version":[{"id":5072,"href":"https:\/\/library.brown.edu\/create\/modernlatinamerica\/wp-json\/wp\/v2\/pages\/413\/revisions\/5072"}],"up":[{"embeddable":true,"href":"https:\/\/library.brown.edu\/create\/modernlatinamerica\/wp-json\/wp\/v2\/pages\/197"}],"wp:attachment":[{"href":"https:\/\/library.brown.edu\/create\/modernlatinamerica\/wp-json\/wp\/v2\/media?parent=413"}],"curies":[{"name":"wp","href":"https:\/\/api.w.org\/{rel}","templated":true}]}}