{"id":417,"date":"2012-08-18T14:16:46","date_gmt":"2012-08-18T19:16:46","guid":{"rendered":"http:\/\/library.brown.edu\/modernlatinamerica\/?page_id=417"},"modified":"2012-08-18T14:16:46","modified_gmt":"2012-08-18T19:16:46","slug":"chilean-heads-of-state","status":"publish","type":"page","link":"https:\/\/library.brown.edu\/create\/modernlatinamerica\/chapters\/chapter-10-chile\/chilean-heads-of-state\/","title":{"rendered":"Chilean Heads of State"},"content":{"rendered":"<p><strong>1876<\/strong>\u00a0\u00a0An\u00edbal Pinto<\/p>\n<p><strong>1881<\/strong>\u00a0\u00a0Domingo Santa Mar\u00eda<\/p>\n<p><strong>1886<\/strong>\u00a0\u00a0Jos\u00e9 Manuel Balmaceda<\/p>\n<div id=\"attachment_1324\" style=\"width: 192px\" class=\"wp-caption alignright\"><a href=\"https:\/\/library.brown.edu\/create\/modernlatinamerica\/wp-content\/uploads\/sites\/42\/2012\/08\/Jorge-Montt.jpg\"><img loading=\"lazy\" decoding=\"async\" aria-describedby=\"caption-attachment-1324\" class=\" wp-image-1324 \" title=\"Jorge Montt\" alt=\"\" src=\"https:\/\/library.brown.edu\/create\/modernlatinamerica\/wp-content\/uploads\/sites\/42\/2012\/08\/Jorge-Montt.jpg\" width=\"182\" height=\"246\" \/><\/a><p id=\"caption-attachment-1324\" class=\"wp-caption-text\">Jorge Montt<\/p><\/div>\n<p><strong>1891<\/strong>\u00a0\u00a0Jorge Montt<\/p>\n<p><strong>1896<\/strong>\u00a0\u00a0Federico Err\u00e1zuriz<\/p>\n<p><strong>1901<\/strong>\u00a0\u00a0Germ\u00e1n Riesco Err\u00e1zuriz<\/p>\n<p><strong>1905<\/strong>\u00a0\u00a0Rafael Rayas<\/p>\n<p><strong>1906<\/strong>\u00a0\u00a0Pedro Montt<\/p>\n<p><strong>1910<\/strong>\u00a0\u00a0El\u00edas Fern\u00e1ndez Albano,<br \/>\nAugust 16\u2013September 6<br \/>\nEmiliano Figueroa, September 6\u2013<br \/>\nSeptember 18, 1911<\/p>\n<p><strong>1911<\/strong>\u00a0\u00a0Ram\u00f3n Barros Luco<\/p>\n<p><strong>1915\u00a0<\/strong>\u00a0Juan Lu\u00eds Sanfuentes<\/p>\n<p><strong>1920<\/strong>\u00a0\u00a0Luis Barros Borgo\u00f1o, June 25\u2013<br \/>\nDecember 23<br \/>\nArturo Alessandri Palma,<br \/>\nDecember 23\u2013September 8, 1924<\/p>\n<p><strong>1924\u00a0<\/strong>\u00a0Luis Altamirano<\/p>\n<p><strong>1925<\/strong>\u00a0\u00a0Carlos Iba\u00f1ez del Campo,<\/p>\n<div id=\"attachment_1325\" style=\"width: 192px\" class=\"wp-caption alignright\"><a href=\"https:\/\/library.brown.edu\/create\/modernlatinamerica\/wp-content\/uploads\/sites\/42\/2012\/08\/Carlos_Ibanez.jpg\"><img loading=\"lazy\" decoding=\"async\" aria-describedby=\"caption-attachment-1325\" class=\" wp-image-1325 \" title=\"Carlos Ibanez del Campo\" alt=\"\" src=\"https:\/\/library.brown.edu\/create\/modernlatinamerica\/wp-content\/uploads\/sites\/42\/2012\/08\/Carlos_Ibanez.jpg\" width=\"182\" height=\"246\" \/><\/a><p id=\"caption-attachment-1325\" class=\"wp-caption-text\">Carlos Ibanez del Campo<\/p><\/div>\n<p>January 23\u2013March 21<br \/>\nArturo Alessandri Palma,<br \/>\nMarch 21\u2013October 1<br \/>\nLuis Barros Borgo\u00f1o, October 1\u2013<br \/>\nDecember<br \/>\nEmiliano Figueroa Larra\u00edn,<br \/>\nDecember\u2013May 4, 1927<\/p>\n<p><strong>1927<\/strong>\u00a0\u00a0Carlos Ib\u00e1\u00f1ez del Campo<\/p>\n<p><strong>1931<\/strong>\u00a0\u00a0Pedro Opazo Letelier, July 26\u201327<br \/>\nJuan Esteban Montero Rodr\u00edguez,<br \/>\nJuly 27\u2013August 18<br \/>\nManuel Trucco Franzani,<br \/>\nAugust 18\u2013November 15<br \/>\nJuan Esteban Montero Rodr\u00edguez,<br \/>\nNovember 15\u2013June 4, 1932<\/p>\n<p><strong>1932\u00a0<\/strong>\u00a0Arturo Puga, June 4\u201312<\/p>\n<div style=\"width: 192px\" class=\"wp-caption alignright\"><a style=\"text-decoration: underline\" href=\"https:\/\/library.brown.edu\/create\/modernlatinamerica\/wp-content\/uploads\/sites\/42\/2012\/08\/Jorge_Alessandri_Rodr\u00edguez.jpg\"><img loading=\"lazy\" decoding=\"async\" class=\" wp-image-1326 \" style=\"border-color: #dddddd;background-color: #ffffff\" title=\"Jorge Alessandri Rodr\u00edguez\" alt=\"\" src=\"https:\/\/library.brown.edu\/create\/modernlatinamerica\/wp-content\/uploads\/sites\/42\/2012\/08\/Jorge_Alessandri_Rodr\u00edguez.jpg\" width=\"182\" height=\"246\" \/><\/a><p class=\"wp-caption-text\">Jorge Alessandri Rodr\u00edguez<\/p><\/div>\n<div><\/div>\n<p>Marmaduke Grove, June 12\u201316<br \/>\nCarlos D\u00e1vila Espinoza, June 17\u2013<br \/>\nSeptember 13<br \/>\nBartolom\u00e9 Blanche Espejo,<br \/>\nSeptember 13\u2013October 2<br \/>\nAbraham Oyanedel, October 2\u2013<br \/>\nDecember 24<br \/>\nArturo Alessandri Palma,<\/p>\n<p>December 24\u2013December 24, 1938<\/p>\n<p><strong>1938\u00a0<\/strong>\u00a0Pedro Aguirre Cerda<\/p>\n<p><strong>1941<\/strong>\u00a0\u00a0Geronimo M\u00e9ndez Arancibia<\/p>\n<p><strong>1942<\/strong>\u00a0\u00a0Juan Antonio R\u00edos Morales<\/p>\n<div id=\"attachment_2178\" style=\"width: 233px\" class=\"wp-caption alignright\"><a href=\"https:\/\/library.brown.edu\/create\/modernlatinamerica\/wp-content\/uploads\/sites\/42\/2012\/08\/Ricardo_Lagos_ex_presidente_chileno1.jpg\"><img loading=\"lazy\" decoding=\"async\" aria-describedby=\"caption-attachment-2178\" class=\" wp-image-2178  \" alt=\"Ricardo Lagos\" src=\"https:\/\/library.brown.edu\/create\/modernlatinamerica\/wp-content\/uploads\/sites\/42\/2012\/08\/Ricardo_Lagos_ex_presidente_chileno1.jpg\" width=\"223\" height=\"164\" srcset=\"https:\/\/library.brown.edu\/create\/modernlatinamerica\/wp-content\/uploads\/sites\/42\/2012\/08\/Ricardo_Lagos_ex_presidente_chileno1.jpg 620w, https:\/\/library.brown.edu\/create\/modernlatinamerica\/wp-content\/uploads\/sites\/42\/2012\/08\/Ricardo_Lagos_ex_presidente_chileno1-300x221.jpg 300w, https:\/\/library.brown.edu\/create\/modernlatinamerica\/wp-content\/uploads\/sites\/42\/2012\/08\/Ricardo_Lagos_ex_presidente_chileno1-408x300.jpg 408w\" sizes=\"auto, (max-width: 223px) 100vw, 223px\" \/><\/a><p id=\"caption-attachment-2178\" class=\"wp-caption-text\">Ricardo Lagos<\/p><\/div>\n<p><strong>1946<\/strong>\u00a0\u00a0Alfredo Duhalde V\u00e1zquez,<br \/>\nJune 27\u2013October 17<br \/>\nJuan A. Irabarren, October 17\u2013<br \/>\nNovember 3<br \/>\nGabriel Gonz\u00e1lez Videla,<br \/>\nNovember 3\u2013November 3, 1952<\/p>\n<p><strong>1952<\/strong>\u00a0\u00a0Carlos Ib\u00e1\u00f1ez del Campo<\/p>\n<p><strong>1958\u00a0<\/strong>\u00a0Jorge Alessandri Rodr\u00edguez<\/p>\n<p><strong>1964<\/strong>\u00a0\u00a0Eduardo Frei Montalva<\/p>\n<p><strong>1970<\/strong>\u00a0\u00a0Salvador Allende Gossens<\/p>\n<p><strong>1973<\/strong>\u00a0\u00a0Augusto Pinochet Ugarte<\/p>\n<div id=\"attachment_2180\" style=\"width: 206px\" class=\"wp-caption alignright\"><a href=\"https:\/\/library.brown.edu\/create\/modernlatinamerica\/wp-content\/uploads\/sites\/42\/2012\/08\/Fotograf\u00eda_oficial_del_Presidente_Sebasti\u00e1n_Pi\u00f1era_-_2.jpg\"><img loading=\"lazy\" decoding=\"async\" aria-describedby=\"caption-attachment-2180\" class=\" wp-image-2180  \" alt=\"Sebasti\u00e1n Pi\u00f1era\" src=\"https:\/\/library.brown.edu\/create\/modernlatinamerica\/wp-content\/uploads\/sites\/42\/2012\/08\/Fotograf\u00eda_oficial_del_Presidente_Sebasti\u00e1n_Pi\u00f1era_-_2.jpg\" width=\"196\" height=\"251\" srcset=\"https:\/\/library.brown.edu\/create\/modernlatinamerica\/wp-content\/uploads\/sites\/42\/2012\/08\/Fotograf\u00eda_oficial_del_Presidente_Sebasti\u00e1n_Pi\u00f1era_-_2.jpg 467w, https:\/\/library.brown.edu\/create\/modernlatinamerica\/wp-content\/uploads\/sites\/42\/2012\/08\/Fotograf\u00eda_oficial_del_Presidente_Sebasti\u00e1n_Pi\u00f1era_-_2-234x300.jpg 234w\" sizes=\"auto, (max-width: 196px) 100vw, 196px\" \/><\/a><p id=\"caption-attachment-2180\" class=\"wp-caption-text\">Sebasti\u00e1n Pi\u00f1era<\/p><\/div>\n<p><strong>1990<\/strong>\u00a0\u00a0Patricio Aylwin<\/p>\n<p><strong>1994<\/strong>\u00a0\u00a0Eduardo Frei Ruiz-Tagle<\/p>\n<p><strong>2000<\/strong>\u00a0\u00a0Ricardo Lagos Escobar<\/p>\n<p><strong>2006<\/strong> Michelle Bachelet<\/p>\n<p><strong>2010<\/strong> Sebasti\u00e1n Pi\u00f1era<\/p>\n","protected":false},"excerpt":{"rendered":"<p>1876\u00a0\u00a0An\u00edbal Pinto 1881\u00a0\u00a0Domingo Santa Mar\u00eda 1886\u00a0\u00a0Jos\u00e9 Manuel Balmaceda 1891\u00a0\u00a0Jorge Montt 1896\u00a0\u00a0Federico Err\u00e1zuriz 1901\u00a0\u00a0Germ\u00e1n Riesco Err\u00e1zuriz 1905\u00a0\u00a0Rafael Rayas 1906\u00a0\u00a0Pedro Montt 1910\u00a0\u00a0El\u00edas Fern\u00e1ndez Albano, August 16\u2013September 6 Emiliano Figueroa, September 6\u2013 September 18, 1911 1911\u00a0\u00a0Ram\u00f3n Barros Luco 1915\u00a0\u00a0Juan Lu\u00eds Sanfuentes 1920\u00a0\u00a0Luis Barros &hellip; <a href=\"https:\/\/library.brown.edu\/create\/modernlatinamerica\/chapters\/chapter-10-chile\/chilean-heads-of-state\/\">Continue reading <span class=\"meta-nav\">&rarr;<\/span><\/a><\/p>\n","protected":false},"author":38,"featured_media":0,"parent":395,"menu_order":0,"comment_status":"closed","ping_status":"closed","template":"sidebar-page.php","meta":{"footnotes":""},"class_list":["post-417","page","type-page","status-publish","hentry"],"_links":{"self":[{"href":"https:\/\/library.brown.edu\/create\/modernlatinamerica\/wp-json\/wp\/v2\/pages\/417","targetHints":{"allow":["GET"]}}],"collection":[{"href":"https:\/\/library.brown.edu\/create\/modernlatinamerica\/wp-json\/wp\/v2\/pages"}],"about":[{"href":"https:\/\/library.brown.edu\/create\/modernlatinamerica\/wp-json\/wp\/v2\/types\/page"}],"author":[{"embeddable":true,"href":"https:\/\/library.brown.edu\/create\/modernlatinamerica\/wp-json\/wp\/v2\/users\/38"}],"replies":[{"embeddable":true,"href":"https:\/\/library.brown.edu\/create\/modernlatinamerica\/wp-json\/wp\/v2\/comments?post=417"}],"version-history":[{"count":0,"href":"https:\/\/library.brown.edu\/create\/modernlatinamerica\/wp-json\/wp\/v2\/pages\/417\/revisions"}],"up":[{"embeddable":true,"href":"https:\/\/library.brown.edu\/create\/modernlatinamerica\/wp-json\/wp\/v2\/pages\/395"}],"wp:attachment":[{"href":"https:\/\/library.brown.edu\/create\/modernlatinamerica\/wp-json\/wp\/v2\/media?parent=417"}],"curies":[{"name":"wp","href":"https:\/\/api.w.org\/{rel}","templated":true}]}}