{"id":434,"date":"2012-08-18T15:02:44","date_gmt":"2012-08-18T20:02:44","guid":{"rendered":"http:\/\/library.brown.edu\/modernlatinamerica\/?page_id=434"},"modified":"2012-08-18T15:02:44","modified_gmt":"2012-08-18T20:02:44","slug":"argentinean-heads-of-state","status":"publish","type":"page","link":"https:\/\/library.brown.edu\/create\/modernlatinamerica\/chapters\/chapter-9-argentina\/argentinean-heads-of-state\/","title":{"rendered":"Argentine Heads of State"},"content":{"rendered":"<p><strong>1862<\/strong>\u00a0\u00a0Bartolom\u00e9 Mitre<\/p>\n<div id=\"attachment_1271\" style=\"width: 192px\" class=\"wp-caption alignright\"><a href=\"https:\/\/library.brown.edu\/create\/modernlatinamerica\/wp-content\/uploads\/sites\/42\/2012\/08\/Mitre1.jpg\"><img loading=\"lazy\" decoding=\"async\" aria-describedby=\"caption-attachment-1271\" class=\"size-full wp-image-1271\" title=\"Bartolom\u00e9 Mitre (1862)\" alt=\"\" src=\"https:\/\/library.brown.edu\/create\/modernlatinamerica\/wp-content\/uploads\/sites\/42\/2012\/08\/Mitre1.jpg\" width=\"182\" height=\"240\" \/><\/a><p id=\"caption-attachment-1271\" class=\"wp-caption-text\">Bartolom\u00e9 Mitre (1862)<\/p><\/div>\n<p><strong>1868<\/strong>\u00a0\u00a0Domingo F. Sarmiento<\/p>\n<p><strong>1874<\/strong>\u00a0\u00a0Nicol\u00e1s Avellaneda<\/p>\n<p><strong>1880<\/strong>\u00a0\u00a0Julio Argentino Roca<\/p>\n<p><strong>1886<\/strong>\u00a0\u00a0Miguel Ju\u00e1rez Celman<\/p>\n<p><strong>1890<\/strong>\u00a0\u00a0Carlos Pellegrini<\/p>\n<p><strong>1892<\/strong>\u00a0\u00a0Lu\u00eds S\u00e1enz Pe\u00f1a<\/p>\n<p><strong>1895<\/strong>\u00a0\u00a0Jos\u00e9 E. Uriburu<\/p>\n<p><strong>1898<\/strong>\u00a0\u00a0Julio Argentino Roca<\/p>\n<div id=\"attachment_1272\" style=\"width: 192px\" class=\"wp-caption alignright\"><a href=\"https:\/\/library.brown.edu\/create\/modernlatinamerica\/wp-content\/uploads\/sites\/42\/2012\/08\/317px-Julio_A_Roca.jpg\"><img loading=\"lazy\" decoding=\"async\" aria-describedby=\"caption-attachment-1272\" class=\" wp-image-1272 \" title=\"Julio Argentino Roca (1898)\" alt=\"\" src=\"https:\/\/library.brown.edu\/create\/modernlatinamerica\/wp-content\/uploads\/sites\/42\/2012\/08\/317px-Julio_A_Roca.jpg\" width=\"182\" height=\"246\" \/><\/a><p id=\"caption-attachment-1272\" class=\"wp-caption-text\">Julio Argentino Roca (1898)<\/p><\/div>\n<p><strong>1904<\/strong>\u00a0\u00a0Manuel Quintana<\/p>\n<p><strong>1906<\/strong>\u00a0\u00a0Jos\u00e9 Figueroa Alcorta<\/p>\n<p><strong>1910<\/strong>\u00a0\u00a0Roque S\u00e1enz Pe\u00f1a<\/p>\n<p><strong>1914<\/strong>\u00a0\u00a0Victorino de la Plaza<\/p>\n<p><strong>1916<\/strong>\u00a0\u00a0Hip\u00f3lito Yrigoyen<\/p>\n<p><strong>1922<\/strong>\u00a0\u00a0Marcelo Torcuato de Alvear<\/p>\n<p><strong>1928\u00a0<\/strong>\u00a0Hip\u00f3lito Yrigoyen<\/p>\n<p><strong>1930\u00a0<\/strong>\u00a0Jos\u00e9 F\u00e9lix Uriburu<\/p>\n<p><strong>1932<\/strong>\u00a0\u00a0August\u00edn P. Justo<\/p>\n<div style=\"width: 192px\" class=\"wp-caption alignright\"><a style=\"text-decoration: underline\" href=\"https:\/\/library.brown.edu\/create\/modernlatinamerica\/wp-content\/uploads\/sites\/42\/2012\/08\/Apjusto.jpg\"><img loading=\"lazy\" decoding=\"async\" class=\" wp-image-1274 \" style=\"border-color: #dddddd;background-color: #ffffff\" title=\"August\u00edn P. Justo (1932)\" alt=\"\" src=\"https:\/\/library.brown.edu\/create\/modernlatinamerica\/wp-content\/uploads\/sites\/42\/2012\/08\/Apjusto.jpg\" width=\"182\" height=\"246\" \/><\/a><p class=\"wp-caption-text\">August\u00edn P. Justo (1932)<\/p><\/div>\n<p><strong>1938<\/strong>\u00a0\u00a0Roberto M. Ortiz<\/p>\n<p><strong>1940\u00a0<\/strong>\u00a0Ram\u00f3n S. Castillo<\/p>\n<p><strong>1943<\/strong>\u00a0\u00a0Arturo Rawson, June 5\u20137<br \/>\nPedro P. Ram\u00edrez, June 7\u2013March 9, 1944<\/p>\n<p><strong>1944<\/strong>\u00a0\u00a0Edelmiro J. Farrell<\/p>\n<p><strong>1946\u00a0<\/strong>\u00a0Juan Domingo Per\u00f3n<\/p>\n<p><strong>1955<\/strong>\u00a0\u00a0Eduardo Lonardi, September 23\u2013November 13<br \/>\nPedro Eugenio Aramburu,<br \/>\nNovember 13\u2013May 1, 1958<\/p>\n<p><strong>1958<\/strong>\u00a0\u00a0Arturo Frondizi<\/p>\n<p><strong>1962<\/strong>\u00a0\u00a0Jos\u00e9 Mar\u00eda Guido<\/p>\n<p><strong>1963<\/strong>\u00a0\u00a0Arturo Illia<\/p>\n<div id=\"attachment_1279\" style=\"width: 192px\" class=\"wp-caption alignright\"><a href=\"https:\/\/library.brown.edu\/create\/modernlatinamerica\/wp-content\/uploads\/sites\/42\/2012\/08\/JuanDomingoPeron.jpg\"><img loading=\"lazy\" decoding=\"async\" aria-describedby=\"caption-attachment-1279\" class=\" wp-image-1279 \" title=\"Juan Domingo Per\u00f3n\" alt=\"\" src=\"https:\/\/library.brown.edu\/create\/modernlatinamerica\/wp-content\/uploads\/sites\/42\/2012\/08\/JuanDomingoPeron.jpg\" width=\"182\" height=\"246\" \/><\/a><p id=\"caption-attachment-1279\" class=\"wp-caption-text\">Juan Domingo Per\u00f3n<\/p><\/div>\n<p><strong>1966<\/strong>\u00a0\u00a0Juan Carlos Ongan\u00eda<\/p>\n<p><strong>1970<\/strong>\u00a0\u00a0Roberto Marcelo Levingston<\/p>\n<p><strong>1971<\/strong>\u00a0\u00a0Alejandro A. Lanusse<\/p>\n<p><strong>1973<\/strong>\u00a0\u00a0H\u00e9ctor C\u00e1mpora, May 27\u2013July 13<br \/>\nRa\u00fal Alberto Lastiri, July 13\u2013October 12<br \/>\nJuan Domingo Per\u00f3n, October 12\u2013July 1, 1974<\/p>\n<p><strong>1974<\/strong>\u00a0\u00a0Mar\u00eda Estela (Isabel) Mart\u00ednez dePer\u00f3n<\/p>\n<p><strong>1976<\/strong>\u00a0\u00a0Jorge Rafael Videla<\/p>\n<p><strong>1981<\/strong>\u00a0\u00a0Roberto Viola, March 29\u2013December 22<br \/>\nLeopoldo Fortunato Galtieri, December 22\u2013June 17, 1982<\/p>\n<p><strong>1982<\/strong>\u00a0\u00a0Reynaldo Benito Antonio Bignone<\/p>\n<div id=\"attachment_1281\" style=\"width: 192px\" class=\"wp-caption alignright\"><a href=\"https:\/\/library.brown.edu\/create\/modernlatinamerica\/wp-content\/uploads\/sites\/42\/2012\/08\/images.jpeg\"><img loading=\"lazy\" decoding=\"async\" aria-describedby=\"caption-attachment-1281\" class=\" wp-image-1281 \" title=\"Jorge Rafael Videla\" alt=\"\" src=\"https:\/\/library.brown.edu\/create\/modernlatinamerica\/wp-content\/uploads\/sites\/42\/2012\/08\/images.jpeg\" width=\"182\" height=\"246\" \/><\/a><p id=\"caption-attachment-1281\" class=\"wp-caption-text\">Jorge Rafael Videla<\/p><\/div>\n<p><strong>1983\u00a0\u00a0<\/strong>Ra\u00fal Alfons\u00edn Foulkes<\/p>\n<p><strong>1989\u00a0<\/strong>\u00a0Carlos Sa\u00fal Menem<\/p>\n<p><strong>1999<\/strong>\u00a0\u00a0Fernando de la R\u00faa<\/p>\n<p><strong>2003\u00a0<\/strong>\u00a0Nestor Kirchner<\/p>\n<p><strong>2007<\/strong> Cristina Fern\u00e1ndez Kirchner<\/p>\n<div id=\"attachment_2128\" style=\"width: 240px\" class=\"wp-caption alignleft\"><a href=\"https:\/\/library.brown.edu\/create\/modernlatinamerica\/wp-content\/uploads\/sites\/42\/2012\/08\/Cristina_correo_Presidencia_56106.jpg\"><img loading=\"lazy\" decoding=\"async\" aria-describedby=\"caption-attachment-2128\" class=\" wp-image-2128  \" alt=\"Cristina Fernandez de Kirchener\" src=\"https:\/\/library.brown.edu\/create\/modernlatinamerica\/wp-content\/uploads\/sites\/42\/2012\/08\/Cristina_correo_Presidencia_56106.jpg\" width=\"230\" height=\"229\" srcset=\"https:\/\/library.brown.edu\/create\/modernlatinamerica\/wp-content\/uploads\/sites\/42\/2012\/08\/Cristina_correo_Presidencia_56106.jpg 639w, https:\/\/library.brown.edu\/create\/modernlatinamerica\/wp-content\/uploads\/sites\/42\/2012\/08\/Cristina_correo_Presidencia_56106-150x150.jpg 150w, https:\/\/library.brown.edu\/create\/modernlatinamerica\/wp-content\/uploads\/sites\/42\/2012\/08\/Cristina_correo_Presidencia_56106-300x300.jpg 300w, https:\/\/library.brown.edu\/create\/modernlatinamerica\/wp-content\/uploads\/sites\/42\/2012\/08\/Cristina_correo_Presidencia_56106-301x300.jpg 301w\" sizes=\"auto, (max-width: 230px) 100vw, 230px\" \/><\/a><p id=\"caption-attachment-2128\" class=\"wp-caption-text\">Cristina Fernandez de Kirchener<\/p><\/div>\n","protected":false},"excerpt":{"rendered":"<p>1862\u00a0\u00a0Bartolom\u00e9 Mitre 1868\u00a0\u00a0Domingo F. Sarmiento 1874\u00a0\u00a0Nicol\u00e1s Avellaneda 1880\u00a0\u00a0Julio Argentino Roca 1886\u00a0\u00a0Miguel Ju\u00e1rez Celman 1890\u00a0\u00a0Carlos Pellegrini 1892\u00a0\u00a0Lu\u00eds S\u00e1enz Pe\u00f1a 1895\u00a0\u00a0Jos\u00e9 E. Uriburu 1898\u00a0\u00a0Julio Argentino Roca 1904\u00a0\u00a0Manuel Quintana 1906\u00a0\u00a0Jos\u00e9 Figueroa Alcorta 1910\u00a0\u00a0Roque S\u00e1enz Pe\u00f1a 1914\u00a0\u00a0Victorino de la Plaza 1916\u00a0\u00a0Hip\u00f3lito Yrigoyen 1922\u00a0\u00a0Marcelo Torcuato &hellip; <a href=\"https:\/\/library.brown.edu\/create\/modernlatinamerica\/chapters\/chapter-9-argentina\/argentinean-heads-of-state\/\">Continue reading <span class=\"meta-nav\">&rarr;<\/span><\/a><\/p>\n","protected":false},"author":38,"featured_media":0,"parent":370,"menu_order":1,"comment_status":"closed","ping_status":"closed","template":"sidebar-page.php","meta":{"footnotes":""},"class_list":["post-434","page","type-page","status-publish","hentry"],"_links":{"self":[{"href":"https:\/\/library.brown.edu\/create\/modernlatinamerica\/wp-json\/wp\/v2\/pages\/434","targetHints":{"allow":["GET"]}}],"collection":[{"href":"https:\/\/library.brown.edu\/create\/modernlatinamerica\/wp-json\/wp\/v2\/pages"}],"about":[{"href":"https:\/\/library.brown.edu\/create\/modernlatinamerica\/wp-json\/wp\/v2\/types\/page"}],"author":[{"embeddable":true,"href":"https:\/\/library.brown.edu\/create\/modernlatinamerica\/wp-json\/wp\/v2\/users\/38"}],"replies":[{"embeddable":true,"href":"https:\/\/library.brown.edu\/create\/modernlatinamerica\/wp-json\/wp\/v2\/comments?post=434"}],"version-history":[{"count":0,"href":"https:\/\/library.brown.edu\/create\/modernlatinamerica\/wp-json\/wp\/v2\/pages\/434\/revisions"}],"up":[{"embeddable":true,"href":"https:\/\/library.brown.edu\/create\/modernlatinamerica\/wp-json\/wp\/v2\/pages\/370"}],"wp:attachment":[{"href":"https:\/\/library.brown.edu\/create\/modernlatinamerica\/wp-json\/wp\/v2\/media?parent=434"}],"curies":[{"name":"wp","href":"https:\/\/api.w.org\/{rel}","templated":true}]}}