{"id":14,"date":"2016-04-26T22:34:18","date_gmt":"2016-04-26T17:34:18","guid":{"rendered":"https:\/\/library.brown.edu\/create\/vocesmovida\/?page_id=14"},"modified":"2025-04-18T00:43:02","modified_gmt":"2025-04-17T19:43:02","slug":"la-luna-de-madrid","status":"publish","type":"page","link":"https:\/\/library.brown.edu\/create\/vocesmovida\/la-luna-de-madrid\/","title":{"rendered":"La Luna de Madrid"},"content":{"rendered":"<p><img loading=\"lazy\" decoding=\"async\" class=\" wp-image-69 alignright\" src=\"https:\/\/library.brown.edu\/create\/vocesmovida\/wp-content\/uploads\/sites\/37\/2016\/04\/FullSizeRender-32-225x300.jpg\" alt=\"FullSizeRender (32)\" width=\"401\" height=\"535\" srcset=\"https:\/\/library.brown.edu\/create\/vocesmovida\/wp-content\/uploads\/sites\/37\/2016\/04\/FullSizeRender-32-225x300.jpg 225w, https:\/\/library.brown.edu\/create\/vocesmovida\/wp-content\/uploads\/sites\/37\/2016\/04\/FullSizeRender-32-768x1024.jpg 768w, https:\/\/library.brown.edu\/create\/vocesmovida\/wp-content\/uploads\/sites\/37\/2016\/04\/FullSizeRender-32-100x133.jpg 100w, https:\/\/library.brown.edu\/create\/vocesmovida\/wp-content\/uploads\/sites\/37\/2016\/04\/FullSizeRender-32-150x200.jpg 150w, https:\/\/library.brown.edu\/create\/vocesmovida\/wp-content\/uploads\/sites\/37\/2016\/04\/FullSizeRender-32-200x267.jpg 200w, https:\/\/library.brown.edu\/create\/vocesmovida\/wp-content\/uploads\/sites\/37\/2016\/04\/FullSizeRender-32-300x400.jpg 300w, https:\/\/library.brown.edu\/create\/vocesmovida\/wp-content\/uploads\/sites\/37\/2016\/04\/FullSizeRender-32-450x600.jpg 450w, https:\/\/library.brown.edu\/create\/vocesmovida\/wp-content\/uploads\/sites\/37\/2016\/04\/FullSizeRender-32-600x800.jpg 600w, https:\/\/library.brown.edu\/create\/vocesmovida\/wp-content\/uploads\/sites\/37\/2016\/04\/FullSizeRender-32-900x1199.jpg 900w, https:\/\/library.brown.edu\/create\/vocesmovida\/wp-content\/uploads\/sites\/37\/2016\/04\/FullSizeRender-32.jpg 1070w\" sizes=\"auto, (max-width: 401px) 100vw, 401px\" \/><\/p>\n<div style=\"margin-top: 20px;text-align: left\"><em>La Luna de Madrid<\/em> fue una revista de vanguardia y que tuvo gran impacto, publicada en Madrid desde 1983 hasta 1988 durante la Movida. Aport\u00f3 un espacio creativo y colaborativo\u00a0en el que contribuyeron multitud\u00a0de artistas y escritores en cada edici\u00f3n, posibilitando as\u00ed la exposici\u00f3n de nuevas formas de expresi\u00f3n art\u00edstica como el c\u00f3mic, la fotograf\u00eda, el dise\u00f1o gr\u00e1fico, la literatura, la filosof\u00eda, la moda, la m\u00fasica, el teatro, las\u00a0artes pl\u00e1sticas y la arquitectura. En general el tono de la revista fue iconoclasta, provocador, ciudadano y anti estatal, pero ante todo, se expres\u00f3 de forma coral y se convirti\u00f3 en uno de los paraninfos culturales de la Movida. En su funci\u00f3n de portavoz de la vanguardia junto a otras revistas como <em>Madrid Me Mata<\/em> y <em>Madriz<\/em>, expuso\u00a0y promovi\u00f3\u00a0el inmenso y variado talento art\u00edstico que exist\u00eda en Madrid en ese momento.<\/div>\n<div style=\"margin-top: 20px;text-align: left\">Borja Casani fue el fundador de la revista y actu\u00f3 como director de 1983 a 1985. Jos\u00e9 Tono Mart\u00ednez tom\u00f3 las riendas de 1985 a 1987 y, finalmente, en el \u00faltimo a\u00f1o de su edici\u00f3n, Javier T\u00edmermans fue su director. Jos\u00e9 Luis Tirado lider\u00f3\u00a0el dise\u00f1o. En total se editaron 49 n\u00fameros de periodicidad mensual y su tirada\u00a0sobrepas\u00f3 los\u00a030.000 ejemplares en sus mejores momentos, un \u00e9xito medi\u00e1tico\u00a0hasta ese entonces nunca alcanzado por una revista cultural independiente en Espa\u00f1a.<\/div>\n<div style=\"margin-top: 20px;text-align: left\"><em>La Luna de Madrid<\/em> no fue solamente una revista, sino tambi\u00e9n un gestor cultural que organizaba fiestas y conciertos que atrajeron\u00a0cierta pol\u00e9mica. Estos eventos se convirtieron en epicentros contraculturales para una\u00a0juventud moderna en busca de experiencias alternativas, y se vieron condenados por la Iglesia y los partidos pol\u00edticos conservadores.\u00a0Aunque su nombre indicaba un enfoque hacia la capital, su contenido abarcaba noticias y reportajes\u00a0culturales que iban mucho m\u00e1s all\u00e1 de las fronteras nacionales o incluso europeas.\u00a0<em>La Luna de Madrid<\/em>\u00a0alcanz\u00f3 seguimiento\u00a0en muchos lugares de Espa\u00f1a, especialmente en Barcelona, de donde proced\u00edan varios de sus\u00a0colaboradores.<\/div>\n<div style=\"margin-top: 20px;text-align: left\">Seg\u00fan Tono Mart\u00ednez, uno de los logros m\u00e1s importantes de <em>La Luna de Madrid<\/em> fue reparar la brecha\u00a0entre\u00a0la cultura popular y la elitista, mientras que las revistas de vanguardia del pasado se hab\u00edan anclado en una cultura m\u00e1s restrictiva. Su argumento a este respecto se centraba\u00a0en\u00a0que \u201ctodo el mundo pod\u00eda y deb\u00eda ser artista, o intentarlo\u201d y calific\u00f3 la revista como \u201cactivista y participativa, profundamente democr\u00e1tica, popular e interdisciplinaria\u201d y que actuaba \u201ccontra la tradici\u00f3n academicista y aristocr\u00e1tica espa\u00f1ola\u201d. Asimismo, gracias a un art\u00edculo insigne que apareci\u00f3 en el primer n\u00famero,\u00a0se atribuye a <em>La Luna de Madrid\u00a0<\/em>el m\u00e9rito de iniciar conversaciones culturales de alcance popular\u00a0sobre la posmodernidad, un tema que se repiti\u00f3 a lo largo de su publicaci\u00f3n.<\/div>\n<div style=\"margin-top: 20px;text-align: left\"><em>La Luna de Madrid<\/em> no funcion\u00f3 solamente como promotora de la Movida, fue igualmente cr\u00edtica hacia\u00a0ella. Seg\u00fan Luis\u00a0Garc\u00eda Torvisco, la revista<br \/>\n&#8220;introdujo en un medio si no masivo, relativamente general, algunos de los debates culturales del momento, especialmente aquellos en torno a la Modernidad-Posmodernidad y a la Movida madrile\u00f1a. De este modo, se le dot\u00f3 de parad\u00f3jica y contradictoria profundidad a un movimiento que hab\u00eda hecho de la falta de profundidad su bandera, domesticando as\u00ed su exceso significativo&#8221;.<\/div>\n<p>&nbsp;<\/p>\n<div style=\"margin-top: 20px;text-align: left\"><strong>Bibliograf\u00eda<\/strong><img loading=\"lazy\" decoding=\"async\" class=\" wp-image-70 alignleft\" src=\"https:\/\/library.brown.edu\/create\/vocesmovida\/wp-content\/uploads\/sites\/37\/2016\/04\/pattudiphusa-227x300.jpg\" alt=\"pattudiphusa\" width=\"315\" height=\"417\" srcset=\"https:\/\/library.brown.edu\/create\/vocesmovida\/wp-content\/uploads\/sites\/37\/2016\/04\/pattudiphusa-227x300.jpg 227w, https:\/\/library.brown.edu\/create\/vocesmovida\/wp-content\/uploads\/sites\/37\/2016\/04\/pattudiphusa-768x1017.jpg 768w, https:\/\/library.brown.edu\/create\/vocesmovida\/wp-content\/uploads\/sites\/37\/2016\/04\/pattudiphusa-774x1024.jpg 774w, https:\/\/library.brown.edu\/create\/vocesmovida\/wp-content\/uploads\/sites\/37\/2016\/04\/pattudiphusa-100x132.jpg 100w, https:\/\/library.brown.edu\/create\/vocesmovida\/wp-content\/uploads\/sites\/37\/2016\/04\/pattudiphusa-150x199.jpg 150w, https:\/\/library.brown.edu\/create\/vocesmovida\/wp-content\/uploads\/sites\/37\/2016\/04\/pattudiphusa-200x265.jpg 200w, https:\/\/library.brown.edu\/create\/vocesmovida\/wp-content\/uploads\/sites\/37\/2016\/04\/pattudiphusa-300x397.jpg 300w, https:\/\/library.brown.edu\/create\/vocesmovida\/wp-content\/uploads\/sites\/37\/2016\/04\/pattudiphusa-450x596.jpg 450w, https:\/\/library.brown.edu\/create\/vocesmovida\/wp-content\/uploads\/sites\/37\/2016\/04\/pattudiphusa-600x794.jpg 600w, https:\/\/library.brown.edu\/create\/vocesmovida\/wp-content\/uploads\/sites\/37\/2016\/04\/pattudiphusa.jpg 871w\" sizes=\"auto, (max-width: 315px) 100vw, 315px\" \/><\/div>\n<div style=\"margin-top: 20px;text-align: left\">Compitello, Malcolm Alan. &#8220;Benet And Spanish Postmodernism.&#8221; <em>Revista Hispanica Moderna<\/em> 44.2 (1991): 259-273.<\/div>\n<div style=\"margin-top: 20px;text-align: left\">Compitello, Malcolm Allan, and Susan Larson. &#8220;Todav\u00eda En La Luna: A Round Table Discussion With Jos\u00e9 Tono Mart\u00ednez And Friends.&#8221; <em>Arizona Journal Of Hispanic Cultural Studies<\/em> 1.(1997): 153-168.<\/div>\n<div style=\"margin-top: 20px;text-align: left\">Garc\u00eda-Torvisco, Luis. \u201c<em>La Luna de Madrid<\/em>. Movida postmodernidad y capitalismo cultural en una revista feliz de los ochenta\u201d. MLN 127.2 (2012): 364-384.<\/div>\n<div style=\"margin-top: 20px;text-align: left\">La Luna de Madrid <em>y otras revistas de vanguardia de los a\u00f1os 80<\/em>. Emma Cadah\u00eda, ed. Madrid: Biblioteca Nacional, Ministerio de Cultura, 2007.<\/div>\n<p>&#8212;. Tono Mart\u00ednez, Jos\u00e9. \u201c<em>La Luna de Madrid<\/em> y otras revistas de vanguardia de los a\u00f1os ochenta\u201d. 10-18.<\/p>\n<p>&#8212;. Casani, Borja. 19-21.<\/p>\n<p>&#8212;. Carlos de Laiglesia, Juan. \u201cLo bello, si ef\u00edmero, dos veces bello.\u201d 23-25.<\/p>\n<p>&#8212;. Tirado, Jos\u00e9 Luis. \u201cViaje a la luna\u201d. 26- 29.<\/p>\n<p>&#8212;. Pat\u00f3n, Vicente. \u201cTreinta y cinco y en la calle\u201d. 30-37.<\/p>\n<p>&#8212;. Viedma, Pedro Mansilla. \u201cLa moda en <em>La Luna<\/em>, genealog\u00eda de una est\u00e9tica\u201d. 38-42.<\/p>\n<p>&#8212;. Olivares, Javier. \u201cLa ciudad inventada\u201d. 43-49.<\/p>\n<p>&#8212;. Mart\u00ednez-Acha, Juan Ram\u00f3n. \u201cSe logr\u00f3 por el esfuerzo y el talento de muchos\u201d. 50-52.<\/p>\n<p>&#8212;. T\u00edmerans de Palma, Javier. \u201cA la sombra de <em>La Luna<\/em>\u201d. 53-57.<\/p>\n<p>&#8212;. Bueno, Antonio. \u201cLa revista <em>La Luna<\/em> y la fotograf\u00eda\u201d. 58-61.<\/br><\/p>\n<div style=\"margin-top: 20px;text-align: left\">Larson, Susan. \u201c<em>La Luna de Madrid<\/em> y La Movida madrile\u00f1a: Un experimento valioso en la creaci\u00f3n de la cultura urbana revolucionaria\u201d. En <em>Madrid: de Fortunata a la M-40. Un Siglo de cultural urbana<\/em>. Ed. Edward Baker y Malcolm A. Compitello. Madrid: Alianza, 2003. 308-325.<\/div>\n<div style=\"margin-top: 20px;text-align: left\">Smith, Paul Julian. &#8220;Temporal Geographies: Comic Strip And Cinema In 1980s Madrid.&#8221; En<em> Cities in Transition: The Moving Image and the Modern Metropolis<\/em>. 156-162. London: Wallflower, 2008.<\/div>\n<div style=\"margin-top: 20px;text-align: left\">Talaya-Manso, Helena. <em>La revista<\/em> La Luna De Madrid <em>como expresi\u00f3n medi\u00e1tica de la Movida en el Madrid de los 80<\/em>. Dissertation Abstracts International 73.7 (2013).<\/div>\n","protected":false},"excerpt":{"rendered":"<p>La Luna de Madrid fue una revista de vanguardia y que tuvo gran impacto, publicada en Madrid desde 1983 hasta 1988 durante la Movida. Aport\u00f3 un espacio creativo y colaborativo\u00a0en el que contribuyeron multitud\u00a0de artistas y escritores en cada edici\u00f3n, posibilitando as\u00ed la exposici\u00f3n de nuevas formas de expresi\u00f3n art\u00edstica como el c\u00f3mic, la fotograf\u00eda, <a href=\"https:\/\/library.brown.edu\/create\/vocesmovida\/la-luna-de-madrid\/\" class=\"more-link\">&#8230;<span class=\"screen-reader-text\">  La Luna de Madrid<\/span><\/a><\/p>\n","protected":false},"author":25,"featured_media":10,"parent":0,"menu_order":0,"comment_status":"closed","ping_status":"closed","template":"template-full-width.php","meta":{"footnotes":""},"class_list":["post-14","page","type-page","status-publish","has-post-thumbnail","hentry"],"_links":{"self":[{"href":"https:\/\/library.brown.edu\/create\/vocesmovida\/wp-json\/wp\/v2\/pages\/14","targetHints":{"allow":["GET"]}}],"collection":[{"href":"https:\/\/library.brown.edu\/create\/vocesmovida\/wp-json\/wp\/v2\/pages"}],"about":[{"href":"https:\/\/library.brown.edu\/create\/vocesmovida\/wp-json\/wp\/v2\/types\/page"}],"author":[{"embeddable":true,"href":"https:\/\/library.brown.edu\/create\/vocesmovida\/wp-json\/wp\/v2\/users\/25"}],"replies":[{"embeddable":true,"href":"https:\/\/library.brown.edu\/create\/vocesmovida\/wp-json\/wp\/v2\/comments?post=14"}],"version-history":[{"count":26,"href":"https:\/\/library.brown.edu\/create\/vocesmovida\/wp-json\/wp\/v2\/pages\/14\/revisions"}],"predecessor-version":[{"id":158,"href":"https:\/\/library.brown.edu\/create\/vocesmovida\/wp-json\/wp\/v2\/pages\/14\/revisions\/158"}],"wp:featuredmedia":[{"embeddable":true,"href":"https:\/\/library.brown.edu\/create\/vocesmovida\/wp-json\/wp\/v2\/media\/10"}],"wp:attachment":[{"href":"https:\/\/library.brown.edu\/create\/vocesmovida\/wp-json\/wp\/v2\/media?parent=14"}],"curies":[{"name":"wp","href":"https:\/\/api.w.org\/{rel}","templated":true}]}}